
{"id":108,"date":"2023-05-10T14:07:23","date_gmt":"2023-05-10T12:07:23","guid":{"rendered":"https:\/\/zsp25.edu.wroclaw.pl\/?page_id=108"},"modified":"2026-02-16T20:48:25","modified_gmt":"2026-02-16T19:48:25","slug":"pomoc-psychologiczno-pedagogiczna","status":"publish","type":"page","link":"https:\/\/zsp25.edu.wroclaw.pl\/index.php\/szkola-podstawowa\/pomoc-psychologiczno-pedagogiczna\/","title":{"rendered":"Pomoc Psychologiczno &#8211; Pedagogiczna"},"content":{"rendered":"<div class=\"wpb-content-wrapper\"><p>[vc_row][vc_column][vc_column_text css=&#8221;&#8221;]<span style=\"font-family: 'times new roman', times, serif;font-size: 20px\"><b>Pomoc psychologiczno-pedagogiczna<\/b>\u00a0udzielana\u00a0w szkole\u00a0to zorganizowany system wsparcia, kt\u00f3ry\u00a0<b>polega na<\/b>:\u202f\u00a0<\/span><\/p>\n<p><span style=\"font-family: 'times new roman', times, serif;font-size: 20px\">&#8211; rozpoznawaniu i\u202fzaspokajaniu indywidualnych potrzeb rozwojowych i\u202fedukacyjnych\u00a0uczni\u00f3w,\u00a0<\/span><\/p>\n<p><span style=\"font-family: 'times new roman', times, serif;font-size: 20px\">&#8211; rozpoznawaniu indywidualnych mo\u017cliwo\u015bci psychofizycznych\u00a0uczni\u00f3w,\u00a0<\/span><\/p>\n<p><span style=\"font-family: 'times new roman', times, serif;font-size: 20px\">&#8211; identyfikowaniu\u202fczynnik\u00f3w \u015brodowiskowych wp\u0142ywaj\u0105cych na\u202ffunkcjonowanie uczni\u00f3w w\u202fplac\u00f3wce.\u00a0<\/span><\/p>\n<p>&nbsp;<\/p>\n<p><span style=\"font-family: 'times new roman', times, serif;font-size: 20px\">\u00a0<b>Grafik godzinowy\u00a0specjalist\u00f3w\u00a0<\/b>\u00a0<b>zespo\u0142u\u00a0pomocy-psychologiczno-pedagogicznej\u00a0w ZSP25 we Wroc\u0142awiu<\/b> :<\/span><\/p>\n<p><span style=\"font-family: 'times new roman', times, serif;font-size: 20px\"><img loading=\"lazy\" decoding=\"async\" class=\"alignnone wp-image-7812 size-full\" src=\"https:\/\/zsp25.edu.wroclaw.pl\/wp-content\/uploads\/sites\/77\/2026\/02\/Grafik-pracy-zespolu-ppp-scaled.jpg\" alt=\"\" width=\"2560\" height=\"1069\" srcset=\"https:\/\/zsp25.edu.wroclaw.pl\/wp-content\/uploads\/sites\/77\/2026\/02\/Grafik-pracy-zespolu-ppp-scaled.jpg 2560w, https:\/\/zsp25.edu.wroclaw.pl\/wp-content\/uploads\/sites\/77\/2026\/02\/Grafik-pracy-zespolu-ppp-300x125.jpg 300w, https:\/\/zsp25.edu.wroclaw.pl\/wp-content\/uploads\/sites\/77\/2026\/02\/Grafik-pracy-zespolu-ppp-1024x428.jpg 1024w, https:\/\/zsp25.edu.wroclaw.pl\/wp-content\/uploads\/sites\/77\/2026\/02\/Grafik-pracy-zespolu-ppp-768x321.jpg 768w, https:\/\/zsp25.edu.wroclaw.pl\/wp-content\/uploads\/sites\/77\/2026\/02\/Grafik-pracy-zespolu-ppp-1536x642.jpg 1536w, https:\/\/zsp25.edu.wroclaw.pl\/wp-content\/uploads\/sites\/77\/2026\/02\/Grafik-pracy-zespolu-ppp-2048x855.jpg 2048w\" sizes=\"auto, (max-width: 2560px) 100vw, 2560px\" \/>\u00a0\u00a0<\/span><\/p>\n<p><span style=\"font-family: 'times new roman', times, serif;font-size: 20px\"><b>W sk\u0142ad zespo\u0142u pomocy psychologiczno-pedagogicznej wchodz\u0105:<\/b>\u00a0<\/span><\/p>\n<p><span style=\"font-family: 'times new roman', times, serif;font-size: 20px\">&#8211; wicedyrektor ds. pomocy psychologiczno-pedagogicznej\u00a0<\/span><\/p>\n<p><span style=\"font-family: 'times new roman', times, serif;font-size: 20px\">&#8211; pedagog szkolny\u00a0<\/span><\/p>\n<p><span style=\"font-family: 'times new roman', times, serif;font-size: 20px\">&#8211; psycholog\u00a0<\/span><\/p>\n<p><span style=\"font-family: 'times new roman', times, serif;font-size: 20px\">&#8211; pedagog specjalny\u00a0<\/span><\/p>\n<p><span style=\"font-family: 'times new roman', times, serif;font-size: 20px\">&#8211; logopeda (neurologopeda)\u00a0<\/span><\/p>\n<p><span style=\"font-family: 'times new roman', times, serif;font-size: 20px\">&#8211; terapeuta pedagogiczny\u00a0<\/span><\/p>\n<p><span style=\"font-family: 'times new roman', times, serif;font-size: 20px\">&#8211; doradca zawodowy\u00a0<\/span><\/p>\n<p><span style=\"font-family: 'times new roman', times, serif;font-size: 20px\">&#8211; nauczyciele wsp\u00f3\u0142organizuj\u0105cy kszta\u0142cenie.\u00a0\u00a0\u00a0<\/span><\/p>\n<p><span style=\"font-family: 'times new roman', times, serif;font-size: 20px\" data-ccp-props=\"{&quot;201341983&quot;:0,&quot;335557856&quot;:16777215,&quot;335559738&quot;:225,&quot;335559739&quot;:150,&quot;335559740&quot;:240}\">\u00a0<\/span><\/p>\n<p><span style=\"font-family: 'times new roman', times, serif;font-size: 20px\"><b>Pomoc psychologiczno-pedagogiczna jest udzielana\u00a0uczniom\u00a0m.in. ze\u202fwzgl\u0119du na:<\/b>\u00a0<\/span><\/p>\n<ul>\n<li data-leveltext=\"\uf0b7\" data-font=\"Symbol\" data-listid=\"1\" data-list-defn-props=\"{&quot;335552541&quot;:1,&quot;335559685&quot;:720,&quot;335559991&quot;:360,&quot;469769226&quot;:&quot;Symbol&quot;,&quot;469769242&quot;:[8226],&quot;469777803&quot;:&quot;left&quot;,&quot;469777804&quot;:&quot;\uf0b7&quot;,&quot;469777815&quot;:&quot;multilevel&quot;}\" data-aria-posinset=\"1\" data-aria-level=\"1\"><span style=\"font-family: 'times new roman', times, serif;font-size: 20px\">niepe\u0142nosprawno\u015b\u0107,\u00a0<\/span><\/li>\n<\/ul>\n<ul>\n<li data-leveltext=\"\uf0b7\" data-font=\"Symbol\" data-listid=\"1\" data-list-defn-props=\"{&quot;335552541&quot;:1,&quot;335559685&quot;:720,&quot;335559991&quot;:360,&quot;469769226&quot;:&quot;Symbol&quot;,&quot;469769242&quot;:[8226],&quot;469777803&quot;:&quot;left&quot;,&quot;469777804&quot;:&quot;\uf0b7&quot;,&quot;469777815&quot;:&quot;multilevel&quot;}\" data-aria-posinset=\"2\" data-aria-level=\"1\"><span style=\"font-family: 'times new roman', times, serif;font-size: 20px\">niedostosowanie spo\u0142eczne oraz zagro\u017cenie nim,\u00a0<\/span><\/li>\n<\/ul>\n<ul>\n<li data-leveltext=\"\uf0b7\" data-font=\"Symbol\" data-listid=\"1\" data-list-defn-props=\"{&quot;335552541&quot;:1,&quot;335559685&quot;:720,&quot;335559991&quot;:360,&quot;469769226&quot;:&quot;Symbol&quot;,&quot;469769242&quot;:[8226],&quot;469777803&quot;:&quot;left&quot;,&quot;469777804&quot;:&quot;\uf0b7&quot;,&quot;469777815&quot;:&quot;multilevel&quot;}\" data-aria-posinset=\"3\" data-aria-level=\"1\"><span style=\"font-family: 'times new roman', times, serif;font-size: 20px\">zaburzenia zachowania lub emocji,\u00a0<\/span><\/li>\n<\/ul>\n<ul>\n<li data-leveltext=\"\uf0b7\" data-font=\"Symbol\" data-listid=\"1\" data-list-defn-props=\"{&quot;335552541&quot;:1,&quot;335559685&quot;:720,&quot;335559991&quot;:360,&quot;469769226&quot;:&quot;Symbol&quot;,&quot;469769242&quot;:[8226],&quot;469777803&quot;:&quot;left&quot;,&quot;469777804&quot;:&quot;\uf0b7&quot;,&quot;469777815&quot;:&quot;multilevel&quot;}\" data-aria-posinset=\"4\" data-aria-level=\"1\"><span style=\"font-family: 'times new roman', times, serif;font-size: 20px\">szczeg\u00f3lne uzdolnienia,\u00a0<\/span><\/li>\n<\/ul>\n<ul>\n<li data-leveltext=\"\uf0b7\" data-font=\"Symbol\" data-listid=\"1\" data-list-defn-props=\"{&quot;335552541&quot;:1,&quot;335559685&quot;:720,&quot;335559991&quot;:360,&quot;469769226&quot;:&quot;Symbol&quot;,&quot;469769242&quot;:[8226],&quot;469777803&quot;:&quot;left&quot;,&quot;469777804&quot;:&quot;\uf0b7&quot;,&quot;469777815&quot;:&quot;multilevel&quot;}\" data-aria-posinset=\"5\" data-aria-level=\"1\"><span style=\"font-family: 'times new roman', times, serif;font-size: 20px\">specyficzne trudno\u015bci w\u202fuczeniu si\u0119,\u00a0<\/span><\/li>\n<\/ul>\n<ul>\n<li data-leveltext=\"\uf0b7\" data-font=\"Symbol\" data-listid=\"1\" data-list-defn-props=\"{&quot;335552541&quot;:1,&quot;335559685&quot;:720,&quot;335559991&quot;:360,&quot;469769226&quot;:&quot;Symbol&quot;,&quot;469769242&quot;:[8226],&quot;469777803&quot;:&quot;left&quot;,&quot;469777804&quot;:&quot;\uf0b7&quot;,&quot;469777815&quot;:&quot;multilevel&quot;}\" data-aria-posinset=\"6\" data-aria-level=\"1\"><span style=\"font-family: 'times new roman', times, serif;font-size: 20px\">deficyty kompetencji i\u202fzaburzenia sprawno\u015bci j\u0119zykowych,\u00a0<\/span><\/li>\n<\/ul>\n<ul>\n<li data-leveltext=\"\uf0b7\" data-font=\"Symbol\" data-listid=\"1\" data-list-defn-props=\"{&quot;335552541&quot;:1,&quot;335559685&quot;:720,&quot;335559991&quot;:360,&quot;469769226&quot;:&quot;Symbol&quot;,&quot;469769242&quot;:[8226],&quot;469777803&quot;:&quot;left&quot;,&quot;469777804&quot;:&quot;\uf0b7&quot;,&quot;469777815&quot;:&quot;multilevel&quot;}\" data-aria-posinset=\"7\" data-aria-level=\"1\"><span style=\"font-family: 'times new roman', times, serif;font-size: 20px\">przewlek\u0142e choroby,\u00a0<\/span><\/li>\n<\/ul>\n<ul>\n<li data-leveltext=\"\uf0b7\" data-font=\"Symbol\" data-listid=\"1\" data-list-defn-props=\"{&quot;335552541&quot;:1,&quot;335559685&quot;:720,&quot;335559991&quot;:360,&quot;469769226&quot;:&quot;Symbol&quot;,&quot;469769242&quot;:[8226],&quot;469777803&quot;:&quot;left&quot;,&quot;469777804&quot;:&quot;\uf0b7&quot;,&quot;469777815&quot;:&quot;multilevel&quot;}\" data-aria-posinset=\"8\" data-aria-level=\"1\"><span style=\"font-family: 'times new roman', times, serif;font-size: 20px\">sytuacje kryzysowe lub sytuacje traumatyczne,\u00a0<\/span><\/li>\n<\/ul>\n<ul>\n<li data-leveltext=\"\uf0b7\" data-font=\"Symbol\" data-listid=\"1\" data-list-defn-props=\"{&quot;335552541&quot;:1,&quot;335559685&quot;:720,&quot;335559991&quot;:360,&quot;469769226&quot;:&quot;Symbol&quot;,&quot;469769242&quot;:[8226],&quot;469777803&quot;:&quot;left&quot;,&quot;469777804&quot;:&quot;\uf0b7&quot;,&quot;469777815&quot;:&quot;multilevel&quot;}\" data-aria-posinset=\"9\" data-aria-level=\"1\"><span style=\"font-family: 'times new roman', times, serif;font-size: 20px\">niepowodzenia edukacyjne,\u00a0<\/span><\/li>\n<\/ul>\n<ul>\n<li data-leveltext=\"\uf0b7\" data-font=\"Symbol\" data-listid=\"1\" data-list-defn-props=\"{&quot;335552541&quot;:1,&quot;335559685&quot;:720,&quot;335559991&quot;:360,&quot;469769226&quot;:&quot;Symbol&quot;,&quot;469769242&quot;:[8226],&quot;469777803&quot;:&quot;left&quot;,&quot;469777804&quot;:&quot;\uf0b7&quot;,&quot;469777815&quot;:&quot;multilevel&quot;}\" data-aria-posinset=\"10\" data-aria-level=\"1\"><span style=\"font-family: 'times new roman', times, serif;font-size: 20px\">zaniedbania \u015brodowiskowe zwi\u0105zane z\u202fsytuacj\u0105 bytow\u0105 dziecka i\u202fjego rodziny,\u00a0<\/span><\/li>\n<\/ul>\n<ul>\n<li data-leveltext=\"\uf0b7\" data-font=\"Symbol\" data-listid=\"1\" data-list-defn-props=\"{&quot;335552541&quot;:1,&quot;335559685&quot;:720,&quot;335559991&quot;:360,&quot;469769226&quot;:&quot;Symbol&quot;,&quot;469769242&quot;:[8226],&quot;469777803&quot;:&quot;left&quot;,&quot;469777804&quot;:&quot;\uf0b7&quot;,&quot;469777815&quot;:&quot;multilevel&quot;}\" data-aria-posinset=\"11\" data-aria-level=\"1\"><span style=\"font-family: 'times new roman', times, serif;font-size: 20px\" data-contrast=\"auto\">trudno\u015bci adaptacyjne zwi\u0105zane z\u202fr\u00f3\u017cnicami kulturowymi lub ze\u202fzmian\u0105 \u015brodowiska edukacyjnego, w\u202ftym zwi\u0105zane z\u202fwcze\u015bniejszym kszta\u0142ceniem za\u202fgranic\u0105.<\/span><br \/>\n<span style=\"font-family: 'times new roman', times, serif;font-size: 20px\">\u202f\u00a0<\/span><\/li>\n<\/ul>\n<p><span style=\"font-family: 'times new roman', times, serif;font-size: 20px\">\u00a0<b>Z inicjatyw\u0105<\/b>\u00a0dotycz\u0105c\u0105\u00a0udzielania pomocy\u00a0psychologiczno-pedagogicznej\u00a0<b>mo\u017ce wyj\u015b\u0107:<\/b>\u00a0<\/span><\/p>\n<ul>\n<li data-leveltext=\"\uf0b7\" data-font=\"Symbol\" data-listid=\"3\" data-list-defn-props=\"{&quot;335552541&quot;:1,&quot;335559685&quot;:720,&quot;335559991&quot;:360,&quot;469769226&quot;:&quot;Symbol&quot;,&quot;469769242&quot;:[8226],&quot;469777803&quot;:&quot;left&quot;,&quot;469777804&quot;:&quot;\uf0b7&quot;,&quot;469777815&quot;:&quot;multilevel&quot;}\" data-aria-posinset=\"1\" data-aria-level=\"1\"><span style=\"font-family: 'times new roman', times, serif;font-size: 20px\">ucze\u0144,\u00a0<\/span><\/li>\n<\/ul>\n<ul>\n<li data-leveltext=\"\uf0b7\" data-font=\"Symbol\" data-listid=\"3\" data-list-defn-props=\"{&quot;335552541&quot;:1,&quot;335559685&quot;:720,&quot;335559991&quot;:360,&quot;469769226&quot;:&quot;Symbol&quot;,&quot;469769242&quot;:[8226],&quot;469777803&quot;:&quot;left&quot;,&quot;469777804&quot;:&quot;\uf0b7&quot;,&quot;469777815&quot;:&quot;multilevel&quot;}\" data-aria-posinset=\"2\" data-aria-level=\"1\"><span style=\"font-family: 'times new roman', times, serif;font-size: 20px\">rodzic ucznia,\u00a0<\/span><\/li>\n<\/ul>\n<ul>\n<li data-leveltext=\"\uf0b7\" data-font=\"Symbol\" data-listid=\"3\" data-list-defn-props=\"{&quot;335552541&quot;:1,&quot;335559685&quot;:720,&quot;335559991&quot;:360,&quot;469769226&quot;:&quot;Symbol&quot;,&quot;469769242&quot;:[8226],&quot;469777803&quot;:&quot;left&quot;,&quot;469777804&quot;:&quot;\uf0b7&quot;,&quot;469777815&quot;:&quot;multilevel&quot;}\" data-aria-posinset=\"3\" data-aria-level=\"1\"><span style=\"font-family: 'times new roman', times, serif;font-size: 20px\">dyrektor jednostki o\u015bwiatowej,\u00a0<\/span><\/li>\n<\/ul>\n<ul>\n<li data-leveltext=\"\uf0b7\" data-font=\"Symbol\" data-listid=\"3\" data-list-defn-props=\"{&quot;335552541&quot;:1,&quot;335559685&quot;:720,&quot;335559991&quot;:360,&quot;469769226&quot;:&quot;Symbol&quot;,&quot;469769242&quot;:[8226],&quot;469777803&quot;:&quot;left&quot;,&quot;469777804&quot;:&quot;\uf0b7&quot;,&quot;469777815&quot;:&quot;multilevel&quot;}\" data-aria-posinset=\"4\" data-aria-level=\"1\"><span style=\"font-family: 'times new roman', times, serif;font-size: 20px\">nauczyciel lub specjalista prowadz\u0105cy zaj\u0119cia z\u202fuczniem,\u00a0<\/span><\/li>\n<\/ul>\n<ul>\n<li data-leveltext=\"\uf0b7\" data-font=\"Symbol\" data-listid=\"3\" data-list-defn-props=\"{&quot;335552541&quot;:1,&quot;335559685&quot;:720,&quot;335559991&quot;:360,&quot;469769226&quot;:&quot;Symbol&quot;,&quot;469769242&quot;:[8226],&quot;469777803&quot;:&quot;left&quot;,&quot;469777804&quot;:&quot;\uf0b7&quot;,&quot;469777815&quot;:&quot;multilevel&quot;}\" data-aria-posinset=\"5\" data-aria-level=\"1\"><span style=\"font-family: 'times new roman', times, serif;font-size: 20px\">piel\u0119gniarka,\u00a0<\/span><\/li>\n<\/ul>\n<ul>\n<li data-leveltext=\"\uf0b7\" data-font=\"Symbol\" data-listid=\"3\" data-list-defn-props=\"{&quot;335552541&quot;:1,&quot;335559685&quot;:720,&quot;335559991&quot;:360,&quot;469769226&quot;:&quot;Symbol&quot;,&quot;469769242&quot;:[8226],&quot;469777803&quot;:&quot;left&quot;,&quot;469777804&quot;:&quot;\uf0b7&quot;,&quot;469777815&quot;:&quot;multilevel&quot;}\" data-aria-posinset=\"6\" data-aria-level=\"1\"><span style=\"font-family: 'times new roman', times, serif;font-size: 20px\">poradnia psychologiczno-pedagogiczna,\u00a0<\/span><\/li>\n<\/ul>\n<ul>\n<li data-leveltext=\"\uf0b7\" data-font=\"Symbol\" data-listid=\"3\" data-list-defn-props=\"{&quot;335552541&quot;:1,&quot;335559685&quot;:720,&quot;335559991&quot;:360,&quot;469769226&quot;:&quot;Symbol&quot;,&quot;469769242&quot;:[8226],&quot;469777803&quot;:&quot;left&quot;,&quot;469777804&quot;:&quot;\uf0b7&quot;,&quot;469777815&quot;:&quot;multilevel&quot;}\" data-aria-posinset=\"7\" data-aria-level=\"1\"><span style=\"font-family: 'times new roman', times, serif;font-size: 20px\">asystent edukacji\u00a0obcoj\u0119zycznej,\u00a0<\/span><\/li>\n<\/ul>\n<ul>\n<li data-leveltext=\"\uf0b7\" data-font=\"Symbol\" data-listid=\"3\" data-list-defn-props=\"{&quot;335552541&quot;:1,&quot;335559685&quot;:720,&quot;335559991&quot;:360,&quot;469769226&quot;:&quot;Symbol&quot;,&quot;469769242&quot;:[8226],&quot;469777803&quot;:&quot;left&quot;,&quot;469777804&quot;:&quot;\uf0b7&quot;,&quot;469777815&quot;:&quot;multilevel&quot;}\" data-aria-posinset=\"8\" data-aria-level=\"1\"><span style=\"font-family: 'times new roman', times, serif;font-size: 20px\">pomoc nauczyciela,\u00a0<\/span><\/li>\n<\/ul>\n<ul>\n<li data-leveltext=\"\uf0b7\" data-font=\"Symbol\" data-listid=\"3\" data-list-defn-props=\"{&quot;335552541&quot;:1,&quot;335559685&quot;:720,&quot;335559991&quot;:360,&quot;469769226&quot;:&quot;Symbol&quot;,&quot;469769242&quot;:[8226],&quot;469777803&quot;:&quot;left&quot;,&quot;469777804&quot;:&quot;\uf0b7&quot;,&quot;469777815&quot;:&quot;multilevel&quot;}\" data-aria-posinset=\"9\" data-aria-level=\"1\"><span style=\"font-family: 'times new roman', times, serif;font-size: 20px\">pracownik socjalny,\u00a0<\/span><\/li>\n<\/ul>\n<ul>\n<li data-leveltext=\"\uf0b7\" data-font=\"Symbol\" data-listid=\"3\" data-list-defn-props=\"{&quot;335552541&quot;:1,&quot;335559685&quot;:720,&quot;335559991&quot;:360,&quot;469769226&quot;:&quot;Symbol&quot;,&quot;469769242&quot;:[8226],&quot;469777803&quot;:&quot;left&quot;,&quot;469777804&quot;:&quot;\uf0b7&quot;,&quot;469777815&quot;:&quot;multilevel&quot;}\" data-aria-posinset=\"10\" data-aria-level=\"1\"><span style=\"font-family: 'times new roman', times, serif;font-size: 20px\">asystent rodziny,\u00a0<\/span><\/li>\n<\/ul>\n<ul>\n<li data-leveltext=\"\uf0b7\" data-font=\"Symbol\" data-listid=\"3\" data-list-defn-props=\"{&quot;335552541&quot;:1,&quot;335559685&quot;:720,&quot;335559991&quot;:360,&quot;469769226&quot;:&quot;Symbol&quot;,&quot;469769242&quot;:[8226],&quot;469777803&quot;:&quot;left&quot;,&quot;469777804&quot;:&quot;\uf0b7&quot;,&quot;469777815&quot;:&quot;multilevel&quot;}\" data-aria-posinset=\"11\" data-aria-level=\"1\"><span style=\"font-family: 'times new roman', times, serif;font-size: 20px\">kurator s\u0105dowy,\u00a0<\/span><\/li>\n<\/ul>\n<ul>\n<li data-leveltext=\"\uf0b7\" data-font=\"Symbol\" data-listid=\"3\" data-list-defn-props=\"{&quot;335552541&quot;:1,&quot;335559685&quot;:720,&quot;335559991&quot;:360,&quot;469769226&quot;:&quot;Symbol&quot;,&quot;469769242&quot;:[8226],&quot;469777803&quot;:&quot;left&quot;,&quot;469777804&quot;:&quot;\uf0b7&quot;,&quot;469777815&quot;:&quot;multilevel&quot;}\" data-aria-posinset=\"12\" data-aria-level=\"1\"><span style=\"font-family: 'times new roman', times, serif;font-size: 20px\">organizacja pozarz\u0105dowa, inna instytucja lub podmiot dzia\u0142aj\u0105cy na\u202frzecz rodziny, dzieci i\u202fm\u0142odzie\u017cy.\u00a0<\/span><\/li>\n<\/ul>\n<p><span style=\"font-family: 'times new roman', times, serif;font-size: 20px\" data-ccp-props=\"{&quot;201341983&quot;:0,&quot;335557856&quot;:16777215,&quot;335559739&quot;:0,&quot;335559740&quot;:240}\">\u00a0<\/span><\/p>\n<p><span style=\"font-family: 'times new roman', times, serif;font-size: 20px\">\u00a0<b>Pomoc psychologiczno-pedagogiczna\u00a0jest\u00a0udzielana w\u202ftrakcie bie\u017c\u0105cej pracy z\u202fuczniem\u00a0przez nauczycieli\u00a0oraz przez zintegrowane dzia\u0142ania nauczycieli i\u202fspecjalist\u00f3w w\u202fformie:<\/b>\u00a0<\/span><\/p>\n<ul>\n<li data-leveltext=\"\uf0b7\" data-font=\"Symbol\" data-listid=\"4\" data-list-defn-props=\"{&quot;335552541&quot;:1,&quot;335559685&quot;:720,&quot;335559991&quot;:360,&quot;469769226&quot;:&quot;Symbol&quot;,&quot;469769242&quot;:[8226],&quot;469777803&quot;:&quot;left&quot;,&quot;469777804&quot;:&quot;\uf0b7&quot;,&quot;469777815&quot;:&quot;multilevel&quot;}\" data-aria-posinset=\"1\" data-aria-level=\"1\"><span style=\"font-family: 'times new roman', times, serif;font-size: 20px\">bada\u0144 i dzia\u0142a\u0144 diagnostycznych w zwi\u0105zku z rozpoznawaniem indywidualnych potrzeb rozwojowych i edukacyjnych oraz mo\u017cliwo\u015bci psychofizycznych uczni\u00f3w,\u00a0<\/span><\/li>\n<\/ul>\n<ul>\n<li data-leveltext=\"\uf0b7\" data-font=\"Symbol\" data-listid=\"4\" data-list-defn-props=\"{&quot;335552541&quot;:1,&quot;335559685&quot;:720,&quot;335559991&quot;:360,&quot;469769226&quot;:&quot;Symbol&quot;,&quot;469769242&quot;:[8226],&quot;469777803&quot;:&quot;left&quot;,&quot;469777804&quot;:&quot;\uf0b7&quot;,&quot;469777815&quot;:&quot;multilevel&quot;}\" data-aria-posinset=\"2\" data-aria-level=\"1\"><span style=\"font-family: 'times new roman', times, serif;font-size: 20px\">zaj\u0119\u0107 specjalistycznych: korekcyjno-kompensacyjnych-\u00a0dla\u00a0uczni\u00f3w\u00a0z zaburzeniami rozwoju funkcji percepcyjno-motorycznych i\u00a0specyficznymi trudno\u015bciami w uczeniu si\u0119,\u00a0<\/span><\/li>\n<\/ul>\n<ul>\n<li data-leveltext=\"\uf0b7\" data-font=\"Symbol\" data-listid=\"4\" data-list-defn-props=\"{&quot;335552541&quot;:1,&quot;335559685&quot;:720,&quot;335559991&quot;:360,&quot;469769226&quot;:&quot;Symbol&quot;,&quot;469769242&quot;:[8226],&quot;469777803&quot;:&quot;left&quot;,&quot;469777804&quot;:&quot;\uf0b7&quot;,&quot;469777815&quot;:&quot;multilevel&quot;}\" data-aria-posinset=\"3\" data-aria-level=\"1\"><span style=\"font-family: 'times new roman', times, serif;font-size: 20px\">zaj\u0119\u0107\u00a0logopedycznych\u00a0lub neurologopedycznych,\u00a0przy wadach wymowy, trudno\u015bciach z komunikacj\u0105, zaburzeniach mowy,\u00a0<\/span><\/li>\n<\/ul>\n<ul>\n<li data-leveltext=\"\uf0b7\" data-font=\"Symbol\" data-listid=\"4\" data-list-defn-props=\"{&quot;335552541&quot;:1,&quot;335559685&quot;:720,&quot;335559991&quot;:360,&quot;469769226&quot;:&quot;Symbol&quot;,&quot;469769242&quot;:[8226],&quot;469777803&quot;:&quot;left&quot;,&quot;469777804&quot;:&quot;\uf0b7&quot;,&quot;469777815&quot;:&quot;multilevel&quot;}\" data-aria-posinset=\"4\" data-aria-level=\"1\"><span style=\"font-family: 'times new roman', times, serif;font-size: 20px\">zaj\u0119\u0107 specjalistycznych\u00a0rozwijaj\u0105cych kompetencje emocjonalno-spo\u0142eczne,\u00a0skierowanych\u00a0do uczni\u00f3w z trudno\u015bciami w relacjach, regulacji emocji, zachowaniu,\u00a0<\/span><\/li>\n<\/ul>\n<ul>\n<li data-leveltext=\"\uf0b7\" data-font=\"Symbol\" data-listid=\"4\" data-list-defn-props=\"{&quot;335552541&quot;:1,&quot;335559685&quot;:720,&quot;335559991&quot;:360,&quot;469769226&quot;:&quot;Symbol&quot;,&quot;469769242&quot;:[8226],&quot;469777803&quot;:&quot;left&quot;,&quot;469777804&quot;:&quot;\uf0b7&quot;,&quot;469777815&quot;:&quot;multilevel&quot;}\" data-aria-posinset=\"5\" data-aria-level=\"1\"><span style=\"font-family: 'times new roman', times, serif;font-size: 20px\">innych zaj\u0119\u0107\u00a0specjalistycznych\u00a0o\u202fcharakterze terapeutycznym (np. terapii r\u0119ki, treningu umiej\u0119tno\u015bci spo\u0142ecznych),\u00a0<\/span><\/li>\n<\/ul>\n<ul>\n<li data-leveltext=\"\uf0b7\" data-font=\"Symbol\" data-listid=\"4\" data-list-defn-props=\"{&quot;335552541&quot;:1,&quot;335559685&quot;:720,&quot;335559991&quot;:360,&quot;469769226&quot;:&quot;Symbol&quot;,&quot;469769242&quot;:[8226],&quot;469777803&quot;:&quot;left&quot;,&quot;469777804&quot;:&quot;\uf0b7&quot;,&quot;469777815&quot;:&quot;multilevel&quot;}\" data-aria-posinset=\"6\" data-aria-level=\"1\"><span style=\"font-family: 'times new roman', times, serif;font-size: 20px\">dy\u017cur\u00f3w interwencyjnych i interwencji kryzysowych udzielanych przez specjalist\u00f3w,\u00a0zgodnie z bie\u017c\u0105cymi potrzebami,\u00a0<\/span><\/li>\n<\/ul>\n<ul>\n<li data-leveltext=\"\uf0b7\" data-font=\"Symbol\" data-listid=\"4\" data-list-defn-props=\"{&quot;335552541&quot;:1,&quot;335559685&quot;:720,&quot;335559991&quot;:360,&quot;469769226&quot;:&quot;Symbol&quot;,&quot;469769242&quot;:[8226],&quot;469777803&quot;:&quot;left&quot;,&quot;469777804&quot;:&quot;\uf0b7&quot;,&quot;469777815&quot;:&quot;multilevel&quot;}\" data-aria-posinset=\"7\" data-aria-level=\"1\"><span style=\"font-family: 'times new roman', times, serif;font-size: 20px\">profilaktycznych\u00a0zaj\u0119\u0107\u00a0psychoedukacyjnych\u00a0prowadzonych przez specjalist\u00f3w\u00a0w\u00a0klasach\u00a0wed\u0142ug potrzeb,\u00a0<\/span><\/li>\n<\/ul>\n<ul>\n<li data-leveltext=\"\uf0b7\" data-font=\"Symbol\" data-listid=\"4\" data-list-defn-props=\"{&quot;335552541&quot;:1,&quot;335559685&quot;:720,&quot;335559991&quot;:360,&quot;469769226&quot;:&quot;Symbol&quot;,&quot;469769242&quot;:[8226],&quot;469777803&quot;:&quot;left&quot;,&quot;469777804&quot;:&quot;\uf0b7&quot;,&quot;469777815&quot;:&quot;multilevel&quot;}\" data-aria-posinset=\"8\" data-aria-level=\"1\"><span style=\"font-family: 'times new roman', times, serif;font-size: 20px\">klas terapeutycznych dla uczni\u00f3w posiadaj\u0105cych orzeczenie o potrzebie kszta\u0142cenia specjalnego (do 5-u os\u00f3b w grupie),\u00a0<\/span><\/li>\n<\/ul>\n<ul>\n<li data-leveltext=\"\uf0b7\" data-font=\"Symbol\" data-listid=\"4\" data-list-defn-props=\"{&quot;335552541&quot;:1,&quot;335559685&quot;:720,&quot;335559991&quot;:360,&quot;469769226&quot;:&quot;Symbol&quot;,&quot;469769242&quot;:[8226],&quot;469777803&quot;:&quot;left&quot;,&quot;469777804&quot;:&quot;\uf0b7&quot;,&quot;469777815&quot;:&quot;multilevel&quot;}\" data-aria-posinset=\"9\" data-aria-level=\"1\"><span style=\"font-family: 'times new roman', times, serif;font-size: 20px\">zaj\u0119\u0107 rozwijaj\u0105cych uzdolnienia,\u00a0dla uczni\u00f3w zdolnych i utalentowanych,\u00a0<\/span><\/li>\n<\/ul>\n<ul>\n<li data-leveltext=\"\uf0b7\" data-font=\"Symbol\" data-listid=\"4\" data-list-defn-props=\"{&quot;335552541&quot;:1,&quot;335559685&quot;:720,&quot;335559991&quot;:360,&quot;469769226&quot;:&quot;Symbol&quot;,&quot;469769242&quot;:[8226],&quot;469777803&quot;:&quot;left&quot;,&quot;469777804&quot;:&quot;\uf0b7&quot;,&quot;469777815&quot;:&quot;multilevel&quot;}\" data-aria-posinset=\"10\" data-aria-level=\"1\"><span style=\"font-family: 'times new roman', times, serif;font-size: 20px\">zaj\u0119\u0107 dydaktyczno-wyr\u00f3wnawczych,\u00a0dla uczni\u00f3w maj\u0105cych trudno\u015bci w nauce; dotycz\u0105 konkretnych przedmiot\u00f3w, np. matematyki, j\u0119zyka polskiego,\u00a0<\/span><\/li>\n<\/ul>\n<ul>\n<li data-leveltext=\"\uf0b7\" data-font=\"Symbol\" data-listid=\"4\" data-list-defn-props=\"{&quot;335552541&quot;:1,&quot;335559685&quot;:720,&quot;335559991&quot;:360,&quot;469769226&quot;:&quot;Symbol&quot;,&quot;469769242&quot;:[8226],&quot;469777803&quot;:&quot;left&quot;,&quot;469777804&quot;:&quot;\uf0b7&quot;,&quot;469777815&quot;:&quot;multilevel&quot;}\" data-aria-posinset=\"11\" data-aria-level=\"1\"><span style=\"font-family: 'times new roman', times, serif;font-size: 20px\">zaj\u0119\u0107 zwi\u0105zanych z\u202fwyborem kierunku kszta\u0142cenia i\u202fzawodu,\u00a0dla uczni\u00f3w klas si\u00f3dmych i \u00f3smych,\u00a0<\/span><\/li>\n<\/ul>\n<ul>\n<li data-leveltext=\"\uf0b7\" data-font=\"Symbol\" data-listid=\"4\" data-list-defn-props=\"{&quot;335552541&quot;:1,&quot;335559685&quot;:720,&quot;335559991&quot;:360,&quot;469769226&quot;:&quot;Symbol&quot;,&quot;469769242&quot;:[8226],&quot;469777803&quot;:&quot;left&quot;,&quot;469777804&quot;:&quot;\uf0b7&quot;,&quot;469777815&quot;:&quot;multilevel&quot;}\" data-aria-posinset=\"12\" data-aria-level=\"1\"><span style=\"font-family: 'times new roman', times, serif;font-size: 20px\">zindywidualizowanej \u015bcie\u017cki kszta\u0142cenia,\u00a0zgodnie z zaleceniami z poradni psychologiczno-pedagogicznej,\u00a0<\/span><\/li>\n<\/ul>\n<ul>\n<li data-leveltext=\"\uf0b7\" data-font=\"Symbol\" data-listid=\"4\" data-list-defn-props=\"{&quot;335552541&quot;:1,&quot;335559685&quot;:720,&quot;335559991&quot;:360,&quot;469769226&quot;:&quot;Symbol&quot;,&quot;469769242&quot;:[8226],&quot;469777803&quot;:&quot;left&quot;,&quot;469777804&quot;:&quot;\uf0b7&quot;,&quot;469777815&quot;:&quot;multilevel&quot;}\" data-aria-posinset=\"13\" data-aria-level=\"1\"><span style=\"font-family: 'times new roman', times, serif;font-size: 20px\">zaj\u0119\u0107 z j\u0119zyka polskiego dla obcokrajowc\u00f3w,\u00a0prowadzonych przez pierwszy rok pobytu ucznia w szkole,\u00a0<\/span><\/li>\n<\/ul>\n<ul>\n<li data-leveltext=\"\uf0b7\" data-font=\"Symbol\" data-listid=\"4\" data-list-defn-props=\"{&quot;335552541&quot;:1,&quot;335559685&quot;:720,&quot;335559991&quot;:360,&quot;469769226&quot;:&quot;Symbol&quot;,&quot;469769242&quot;:[8226],&quot;469777803&quot;:&quot;left&quot;,&quot;469777804&quot;:&quot;\uf0b7&quot;,&quot;469777815&quot;:&quot;multilevel&quot;}\" data-aria-posinset=\"14\" data-aria-level=\"1\"><span style=\"font-family: 'times new roman', times, serif;font-size: 20px\">porad i\u202fkonsultacji,\u00a0dla uczni\u00f3w i rodzic\u00f3w, prowadzonych\u00a0cyklicznie lub wed\u0142ug\u00a0potrzeb przez pedagoga\u00a0i\u00a0psychologa,\u00a0<\/span><\/li>\n<\/ul>\n<ul>\n<li data-leveltext=\"\uf0b7\" data-font=\"Symbol\" data-listid=\"4\" data-list-defn-props=\"{&quot;335552541&quot;:1,&quot;335559685&quot;:720,&quot;335559991&quot;:360,&quot;469769226&quot;:&quot;Symbol&quot;,&quot;469769242&quot;:[8226],&quot;469777803&quot;:&quot;left&quot;,&quot;469777804&quot;:&quot;\uf0b7&quot;,&quot;469777815&quot;:&quot;multilevel&quot;}\" data-aria-posinset=\"15\" data-aria-level=\"1\"><span style=\"font-family: 'times new roman', times, serif;font-size: 20px\">warsztat\u00f3w\u00a0psychoedukacyjnych\u00a0dla uczni\u00f3w i rodzic\u00f3w.\u00a0<\/span><\/li>\n<\/ul>\n<p>&nbsp;<\/p>\n<p><span style=\"font-family: 'times new roman', times, serif;font-size: 20px\"><b>Zesp\u00f3\u0142 pomocy psychologiczno-pedagogicznej wsp\u00f3\u0142pracuje z poradniami psychologiczno-pedagogicznymi, kt\u00f3rych wsparcie staje si\u0119 konieczno\u015bci\u0105, gdy\u00a0 u ucznia:<\/b>\u00a0<\/span><\/p>\n<ul>\n<li data-leveltext=\"\uf0b7\" data-font=\"Symbol\" data-listid=\"6\" data-list-defn-props=\"{&quot;335552541&quot;:1,&quot;335559685&quot;:720,&quot;335559991&quot;:360,&quot;469769226&quot;:&quot;Symbol&quot;,&quot;469769242&quot;:[8226],&quot;469777803&quot;:&quot;left&quot;,&quot;469777804&quot;:&quot;\uf0b7&quot;,&quot;469777815&quot;:&quot;multilevel&quot;}\" data-aria-posinset=\"1\" data-aria-level=\"1\"><span style=\"font-family: 'times new roman', times, serif;font-size: 20px\">utrzymuj\u0105 si\u0119\u00a0trudno\u015bci\u00a0mimo systematycznej pomocy szko\u0142y,\u00a0<\/span><\/li>\n<\/ul>\n<ul>\n<li data-leveltext=\"\uf0b7\" data-font=\"Symbol\" data-listid=\"6\" data-list-defn-props=\"{&quot;335552541&quot;:1,&quot;335559685&quot;:720,&quot;335559991&quot;:360,&quot;469769226&quot;:&quot;Symbol&quot;,&quot;469769242&quot;:[8226],&quot;469777803&quot;:&quot;left&quot;,&quot;469777804&quot;:&quot;\uf0b7&quot;,&quot;469777815&quot;:&quot;multilevel&quot;}\" data-aria-posinset=\"2\" data-aria-level=\"1\"><span style=\"font-family: 'times new roman', times, serif;font-size: 20px\">podejrzewa si\u0119\u202fspecyficzne trudno\u015bci w uczeniu si\u0119,\u00a0<\/span><\/li>\n<\/ul>\n<ul>\n<li data-leveltext=\"\uf0b7\" data-font=\"Symbol\" data-listid=\"6\" data-list-defn-props=\"{&quot;335552541&quot;:1,&quot;335559685&quot;:720,&quot;335559991&quot;:360,&quot;469769226&quot;:&quot;Symbol&quot;,&quot;469769242&quot;:[8226],&quot;469777803&quot;:&quot;left&quot;,&quot;469777804&quot;:&quot;\uf0b7&quot;,&quot;469777815&quot;:&quot;multilevel&quot;}\" data-aria-posinset=\"3\" data-aria-level=\"1\"><span style=\"font-family: 'times new roman', times, serif;font-size: 20px\">pojawiaj\u0105 si\u0119 powa\u017cniejsze problemy emocjonalne, l\u0119kowe, zachowania ryzykowne.\u00a0<\/span><\/li>\n<\/ul>\n<p><span style=\"font-family: 'times new roman', times, serif;font-size: 20px\">\u00a0<b>Poradnie psychologiczno-pedagogiczne wydaj\u0105 dwa typy dokument\u00f3w, kt\u00f3re uwzgl\u0119dnia szko\u0142a:<\/b>\u00a0<\/span><\/p>\n<ul>\n<li data-leveltext=\"\uf0b7\" data-font=\"Symbol\" data-listid=\"7\" data-list-defn-props=\"{&quot;335552541&quot;:1,&quot;335559685&quot;:720,&quot;335559991&quot;:360,&quot;469769226&quot;:&quot;Symbol&quot;,&quot;469769242&quot;:[8226],&quot;469777803&quot;:&quot;left&quot;,&quot;469777804&quot;:&quot;\uf0b7&quot;,&quot;469777815&quot;:&quot;multilevel&quot;}\" data-aria-posinset=\"1\" data-aria-level=\"1\"><span style=\"font-family: 'times new roman', times, serif;font-size: 20px\"><b>opini\u0119 o obj\u0119ciu pomoc\u0105 psychologiczno-pedagogiczn\u0105 ucznia<\/b>\u202f\u2013\u00a0kt\u00f3ra\u00a0zawiera opis funkcjonowania ucznia, diagnoz\u0119 i zalecenia do pracy;\u00a0na jej podstawie\u00a0zesp\u00f3\u0142\u202fdostosowuje wymagania, metody pracy\u00a0oraz\u00a0przydziela formy zaj\u0119\u0107 specjalistycznych;\u00a0<\/span><\/li>\n<\/ul>\n<ul>\n<li data-leveltext=\"\uf0b7\" data-font=\"Symbol\" data-listid=\"7\" data-list-defn-props=\"{&quot;335552541&quot;:1,&quot;335559685&quot;:720,&quot;335559991&quot;:360,&quot;469769226&quot;:&quot;Symbol&quot;,&quot;469769242&quot;:[8226],&quot;469777803&quot;:&quot;left&quot;,&quot;469777804&quot;:&quot;\uf0b7&quot;,&quot;469777815&quot;:&quot;multilevel&quot;}\" data-aria-posinset=\"2\" data-aria-level=\"1\"><span style=\"font-family: 'times new roman', times, serif;font-size: 20px\"><b>orzeczenie o potrzebie kszta\u0142cenia specjalnego<\/b>\u202f\u2013 wydawane w przypadku niepe\u0142nosprawno\u015bci\u00a0lub\u00a0zagro\u017cenia niedostosowaniem spo\u0142ecznym, kt\u00f3re\u00a0zawiera opis funkcjonowania ucznia, diagnoz\u0119 i zalecenia do\u00a0pracy;\u00a0\u00a0na\u00a0jego\u00a0podstawie\u00a0zesp\u00f3\u0142\u00a0opracowuje dokumenty, tj.: WOPFU\u00a0(Wielospecjalistyczn\u0105 Ocen\u0119 Poziomu Funkcjonowania Ucznia), IPET\u00a0(Indywidualny Program Edukacyjno-Terapeutyczny),\u00a0DOSTOSOWANIA wymaga\u0144\u00a0edukacyjnych\u00a0\u00a0oraz\u00a0przydziela formy zaj\u0119\u0107\u00a0rewalidacyjnych i\u00a0specjalistycznych.\u00a0\u00a0<\/span><\/li>\n<\/ul>\n<p><span style=\"font-family: 'times new roman', times, serif;font-size: 20px\">\u00a0W\u202fprzypadku ucznia posiadaj\u0105cego orzeczenie o\u202fpotrzebie kszta\u0142cenia specjalnego planowanie i\u202fkoordynowanie udzielania pomocy psychologiczno-pedagogicznej w\u202fszkole jest zadaniem zespo\u0142u Wielospecjalistycznej Oceny Poziomu Funkcjonowania Ucznia (WOPFU), o\u202fkt\u00f3rym mowa\u00a0<i>w\u202frozporz\u0105dzeniu MEN z\u202fdnia 9\u202fsierpnia 2017\u202fr. w\u202fsprawie warunk\u00f3w organizowania kszta\u0142cenia, wychowania i\u202fopieki dla dzieci i\u202fm\u0142odzie\u017cy niepe\u0142nosprawnych, niedostosowanych spo\u0142ecznie i\u202fzagro\u017conych niedostosowaniem spo\u0142ecznym.<\/i>\u00a0<\/span><\/p>\n<p>&nbsp;<\/p>\n<p><span style=\"font-family: 'times new roman', times, serif;font-size: 20px\">\u00a0<b>Korzystanie z pomocy psychologiczno-pedagogicznej jest darmowe i dobrowolne\u00a0 \u00a0i odbywa si\u0119 za pisemn\u0105 zgod\u0105 opiekun\u00f3w prawnych. W pierwszej kolejno\u015bci zaj\u0119ciami specjalistycznymi obj\u0119ci s\u0105 uczniowie posiadaj\u0105cy orzeczenie o potrzebie kszta\u0142cenia specjalnego i\/lub opini\u0119 o obj\u0119ciu pomoc\u0105 psychologiczno-pedagogiczn\u0105.<\/b>\u00a0<\/span><\/p>\n<p><span style=\"font-family: 'times new roman', times, serif;font-size: 20px\">\u00a0W\u00a0niekt\u00f3rych\u00a0przypadkach pomoc\u00a0<b>psychologiczno-pedagogiczna\u00a0udzielana w plac\u00f3wce\u00a0wymaga wsp\u00f3\u0142dzia\u0142ania z innymi instytucjami<\/b>, tj.:\u00a0<\/span><\/p>\n<ul>\n<li data-leveltext=\"\uf0b7\" data-font=\"Symbol\" data-listid=\"8\" data-list-defn-props=\"{&quot;335552541&quot;:1,&quot;335559685&quot;:720,&quot;335559991&quot;:360,&quot;469769226&quot;:&quot;Symbol&quot;,&quot;469769242&quot;:[8226],&quot;469777803&quot;:&quot;left&quot;,&quot;469777804&quot;:&quot;\uf0b7&quot;,&quot;469777815&quot;:&quot;multilevel&quot;}\" data-aria-posinset=\"1\" data-aria-level=\"1\"><span style=\"font-family: 'times new roman', times, serif;font-size: 20px\"><b>o\u015brodek pomocy spo\u0142ecznej<\/b>\u2013\u00a0np. w przypadku\u00a0przemocy rodzinnej, bezrobocia, alkoholizmu,\u00a0<\/span><\/li>\n<\/ul>\n<ul>\n<li data-leveltext=\"\uf0b7\" data-font=\"Symbol\" data-listid=\"8\" data-list-defn-props=\"{&quot;335552541&quot;:1,&quot;335559685&quot;:720,&quot;335559991&quot;:360,&quot;469769226&quot;:&quot;Symbol&quot;,&quot;469769242&quot;:[8226],&quot;469777803&quot;:&quot;left&quot;,&quot;469777804&quot;:&quot;\uf0b7&quot;,&quot;469777815&quot;:&quot;multilevel&quot;}\" data-aria-posinset=\"2\" data-aria-level=\"1\"><span style=\"font-family: 'times new roman', times, serif;font-size: 20px\"><b>organizacje pozarz\u0105dowe<\/b>\u202f\u2013 oferuj\u0105ce \u015bwietlice \u015brodowiskowe, zaj\u0119cia\u00a0psychoedukacyjne,\u00a0<\/span><\/li>\n<\/ul>\n<ul>\n<li data-leveltext=\"\uf0b7\" data-font=\"Symbol\" data-listid=\"8\" data-list-defn-props=\"{&quot;335552541&quot;:1,&quot;335559685&quot;:720,&quot;335559991&quot;:360,&quot;469769226&quot;:&quot;Symbol&quot;,&quot;469769242&quot;:[8226],&quot;469777803&quot;:&quot;left&quot;,&quot;469777804&quot;:&quot;\uf0b7&quot;,&quot;469777815&quot;:&quot;multilevel&quot;}\" data-aria-posinset=\"3\" data-aria-level=\"1\"><span style=\"font-family: 'times new roman', times, serif;font-size: 20px\"><b>plac\u00f3wki ochrony zdrowia psychicznego<\/b>\u202f\u2013 poradnie\u00a0i oddzia\u0142y dzienne\u00a0zdrowia psychicznego dla dzieci i m\u0142odzie\u017cy,\u00a0<\/span><\/li>\n<\/ul>\n<ul>\n<li data-leveltext=\"\uf0b7\" data-font=\"Symbol\" data-listid=\"8\" data-list-defn-props=\"{&quot;335552541&quot;:1,&quot;335559685&quot;:720,&quot;335559991&quot;:360,&quot;469769226&quot;:&quot;Symbol&quot;,&quot;469769242&quot;:[8226],&quot;469777803&quot;:&quot;left&quot;,&quot;469777804&quot;:&quot;\uf0b7&quot;,&quot;469777815&quot;:&quot;multilevel&quot;}\" data-aria-posinset=\"4\" data-aria-level=\"1\"><span style=\"font-family: 'times new roman', times, serif;font-size: 20px\"><b>s\u0105dy rodzinne, kuratorzy<\/b>\u202f\u2013 gdy konieczna jest interwencja prawna.\u00a0<\/span><\/li>\n<\/ul>\n<p><span style=\"font-family: 'times new roman', times, serif;font-size: 20px\" data-ccp-props=\"{&quot;201341983&quot;:0,&quot;335551550&quot;:6,&quot;335551620&quot;:6,&quot;335557856&quot;:16777215,&quot;335559739&quot;:0,&quot;335559740&quot;:240}\">\u00a0<\/span><\/p>\n<p><span style=\"font-family: 'times new roman', times, serif;font-size: 20px\">\u00a0<b>Je\u015bli podejrzewaj\u0105 Pa\u0144stwo, \u017ce dziecko ma k\u0142opoty natury psychologicznej, wa\u017cne jest, by zg\u0142osi\u0107 to do szko\u0142y.\u00a0\u00a0Po pomoc psychologiczn\u0105, psychiatryczn\u0105 lub na leczenie uzale\u017cnie\u0144 mo\u017cna zg\u0142osi\u0107 si\u0119 r\u00f3wnie\u017c do specjalist\u00f3w pracuj\u0105cych w ramach um\u00f3w z NFZ.\u00a0\u00a0S\u0105 to m.in. psychologowie, psychoterapeuci, terapeuci \u015brodowiskowi i psychiatrzy. <\/b>\u00a0<\/span><\/p>\n<p><span style=\"font-family: 'times new roman', times, serif;font-size: 20px\"><b>Istniej\u0105\u00a0trzy poziomy opieki\u00a0referencyjnej\u00a0nad dzieckiem w kryzysie psychicznym. Zestawienie plac\u00f3wek \u015bwiadcz\u0105cych pomoc w ramach ochrony zdrowia psychicznego dzieci i\u00a0m\u0142odzie\u017cy\u00a0mo\u017cna\u00a0znale\u017a\u0107\u00a0na\u00a0stronie\u00a0Kuratorium O\u015bwiaty, do kt\u00f3rego prowadzi poni\u017cszy link:<\/b>\u00a0<\/span><\/p>\n<p><span style=\"font-family: 'times new roman', times, serif;font-size: 20px\"><a href=\"https:\/\/www.nfz.gov.pl\/dla-pacjenta\/informacje-o-swiadczeniach\/ochrony-zdrowia-psychicznego-dzieci-i-mlodziezy\/\">https:\/\/www.nfz.gov.pl\/dla-pacjenta\/informacje-o-swiadczeniach\/ochrony-zdrowia-psychicznego-dzieci-i-mlodziezy\/<\/a>\u00a0<\/span><\/p>\n<p><span style=\"font-family: 'times new roman', times, serif;font-size: 20px\" data-ccp-props=\"{&quot;134233117&quot;:true,&quot;201341983&quot;:0,&quot;335557856&quot;:16777215,&quot;335559739&quot;:0,&quot;335559740&quot;:240}\">\u00a0<\/span><\/p>\n<p><span style=\"font-family: 'times new roman', times, serif;font-size: 20px\"><i>Podstawa prawna organizowania dzia\u0142a\u0144 z zakresu pomocy psychologiczno-pedagogicznej:<\/i>\u00a0<\/span><\/p>\n<ul>\n<li data-leveltext=\"\uf0b7\" data-font=\"Symbol\" data-listid=\"5\" data-list-defn-props=\"{&quot;335552541&quot;:1,&quot;335559685&quot;:720,&quot;335559991&quot;:360,&quot;469769226&quot;:&quot;Symbol&quot;,&quot;469769242&quot;:[8226],&quot;469777803&quot;:&quot;left&quot;,&quot;469777804&quot;:&quot;\uf0b7&quot;,&quot;469777815&quot;:&quot;multilevel&quot;}\" data-aria-posinset=\"1\" data-aria-level=\"1\"><span style=\"font-family: 'times new roman', times, serif;font-size: 20px\"><i>ustawa Prawo O\u015bwiatowe,<\/i>\u00a0<\/span><\/li>\n<\/ul>\n<ul>\n<li data-leveltext=\"\uf0b7\" data-font=\"Symbol\" data-listid=\"5\" data-list-defn-props=\"{&quot;335552541&quot;:1,&quot;335559685&quot;:720,&quot;335559991&quot;:360,&quot;469769226&quot;:&quot;Symbol&quot;,&quot;469769242&quot;:[8226],&quot;469777803&quot;:&quot;left&quot;,&quot;469777804&quot;:&quot;\uf0b7&quot;,&quot;469777815&quot;:&quot;multilevel&quot;}\" data-aria-posinset=\"2\" data-aria-level=\"1\"><span style=\"font-family: 'times new roman', times, serif;font-size: 20px\"><i>rozporz\u0105dzenie MEN w sprawie zasad udzielania i organizacji pomocy psychologiczno-pedagogicznej,<\/i>\u00a0<\/span><\/li>\n<\/ul>\n<ul>\n<li data-leveltext=\"\uf0b7\" data-font=\"Symbol\" data-listid=\"5\" data-list-defn-props=\"{&quot;335552541&quot;:1,&quot;335559685&quot;:720,&quot;335559991&quot;:360,&quot;469769226&quot;:&quot;Symbol&quot;,&quot;469769242&quot;:[8226],&quot;469777803&quot;:&quot;left&quot;,&quot;469777804&quot;:&quot;\uf0b7&quot;,&quot;469777815&quot;:&quot;multilevel&quot;}\" data-aria-posinset=\"3\" data-aria-level=\"1\"><span style=\"font-family: 'times new roman', times, serif;font-size: 20px\"><i>rozporz\u0105dzenia dotycz\u0105ce kszta\u0142cenia specjalnego, orzecze\u0144 i opinii poradni.<\/i>\u00a0<\/span><\/li>\n<\/ul>\n<p>[\/vc_column_text][\/vc_column][\/vc_row]<\/p>\n<\/div>","protected":false},"excerpt":{"rendered":"<p>[vc_row][vc_column][vc_column_text css=&#8221;&#8221;]Pomoc psychologiczno-pedagogiczna\u00a0udzielana\u00a0w szkole\u00a0to zorganizowany system wsparcia, kt\u00f3ry\u00a0polega na:\u202f\u00a0 &#8211; rozpoznawaniu i\u202fzaspokajaniu indywidualnych potrzeb rozwojowych i\u202fedukacyjnych\u00a0uczni\u00f3w,\u00a0 &#8211; rozpoznawaniu indywidualnych mo\u017cliwo\u015bci psychofizycznych\u00a0uczni\u00f3w,\u00a0 &#8211; identyfikowaniu\u202fczynnik\u00f3w \u015brodowiskowych wp\u0142ywaj\u0105cych na\u202ffunkcjonowanie uczni\u00f3w w\u202fplac\u00f3wce.\u00a0 &nbsp; \u00a0Grafik [&hellip;]<\/p>\n","protected":false},"author":7,"featured_media":0,"parent":63,"menu_order":0,"comment_status":"closed","ping_status":"closed","template":"","meta":{"footnotes":""},"class_list":["post-108","page","type-page","status-publish","hentry","clearfix"],"_links":{"self":[{"href":"https:\/\/zsp25.edu.wroclaw.pl\/index.php\/wp-json\/wp\/v2\/pages\/108","targetHints":{"allow":["GET"]}}],"collection":[{"href":"https:\/\/zsp25.edu.wroclaw.pl\/index.php\/wp-json\/wp\/v2\/pages"}],"about":[{"href":"https:\/\/zsp25.edu.wroclaw.pl\/index.php\/wp-json\/wp\/v2\/types\/page"}],"author":[{"embeddable":true,"href":"https:\/\/zsp25.edu.wroclaw.pl\/index.php\/wp-json\/wp\/v2\/users\/7"}],"replies":[{"embeddable":true,"href":"https:\/\/zsp25.edu.wroclaw.pl\/index.php\/wp-json\/wp\/v2\/comments?post=108"}],"version-history":[{"count":23,"href":"https:\/\/zsp25.edu.wroclaw.pl\/index.php\/wp-json\/wp\/v2\/pages\/108\/revisions"}],"predecessor-version":[{"id":7813,"href":"https:\/\/zsp25.edu.wroclaw.pl\/index.php\/wp-json\/wp\/v2\/pages\/108\/revisions\/7813"}],"up":[{"embeddable":true,"href":"https:\/\/zsp25.edu.wroclaw.pl\/index.php\/wp-json\/wp\/v2\/pages\/63"}],"wp:attachment":[{"href":"https:\/\/zsp25.edu.wroclaw.pl\/index.php\/wp-json\/wp\/v2\/media?parent=108"}],"curies":[{"name":"wp","href":"https:\/\/api.w.org\/{rel}","templated":true}]}}