
{"id":183,"date":"2023-05-12T11:59:51","date_gmt":"2023-05-12T09:59:51","guid":{"rendered":"https:\/\/zsp25.edu.wroclaw.pl\/?page_id=183"},"modified":"2026-02-10T13:31:05","modified_gmt":"2026-02-10T12:31:05","slug":"o-przedszkolu","status":"publish","type":"page","link":"https:\/\/zsp25.edu.wroclaw.pl\/index.php\/przedszkole\/o-przedszkolu\/","title":{"rendered":"O przedszkolu"},"content":{"rendered":"<div class=\"wpb-content-wrapper\"><p>[vc_row][vc_column][vc_column_text]<\/p>\n<p><img loading=\"lazy\" decoding=\"async\" class=\"alignnone size-medium wp-image-3299\" src=\"https:\/\/zsp25.edu.wroclaw.pl\/wp-content\/uploads\/sites\/77\/2024\/08\/Asfaltowa-68-300x200.jpg\" alt=\"\" width=\"300\" height=\"200\" srcset=\"https:\/\/zsp25.edu.wroclaw.pl\/wp-content\/uploads\/sites\/77\/2024\/08\/Asfaltowa-68-300x200.jpg 300w, https:\/\/zsp25.edu.wroclaw.pl\/wp-content\/uploads\/sites\/77\/2024\/08\/Asfaltowa-68-1024x682.jpg 1024w, https:\/\/zsp25.edu.wroclaw.pl\/wp-content\/uploads\/sites\/77\/2024\/08\/Asfaltowa-68-768x512.jpg 768w, https:\/\/zsp25.edu.wroclaw.pl\/wp-content\/uploads\/sites\/77\/2024\/08\/Asfaltowa-68-1536x1023.jpg 1536w, https:\/\/zsp25.edu.wroclaw.pl\/wp-content\/uploads\/sites\/77\/2024\/08\/Asfaltowa-68-2048x1364.jpg 2048w\" sizes=\"auto, (max-width: 300px) 100vw, 300px\" \/><img loading=\"lazy\" decoding=\"async\" class=\"wp-image-3300 alignnone\" src=\"https:\/\/zsp25.edu.wroclaw.pl\/wp-content\/uploads\/sites\/77\/2024\/08\/Asfaltowa-78-300x200.jpg\" alt=\"\" width=\"289\" height=\"192\" srcset=\"https:\/\/zsp25.edu.wroclaw.pl\/wp-content\/uploads\/sites\/77\/2024\/08\/Asfaltowa-78-300x200.jpg 300w, https:\/\/zsp25.edu.wroclaw.pl\/wp-content\/uploads\/sites\/77\/2024\/08\/Asfaltowa-78-1024x682.jpg 1024w, https:\/\/zsp25.edu.wroclaw.pl\/wp-content\/uploads\/sites\/77\/2024\/08\/Asfaltowa-78-768x512.jpg 768w, https:\/\/zsp25.edu.wroclaw.pl\/wp-content\/uploads\/sites\/77\/2024\/08\/Asfaltowa-78-1536x1023.jpg 1536w, https:\/\/zsp25.edu.wroclaw.pl\/wp-content\/uploads\/sites\/77\/2024\/08\/Asfaltowa-78-2048x1364.jpg 2048w\" sizes=\"auto, (max-width: 289px) 100vw, 289px\" \/><img loading=\"lazy\" decoding=\"async\" class=\"alignnone size-medium wp-image-3302\" src=\"https:\/\/zsp25.edu.wroclaw.pl\/wp-content\/uploads\/sites\/77\/2024\/08\/Asfaltowa-84-300x200.jpg\" alt=\"\" width=\"300\" height=\"200\" srcset=\"https:\/\/zsp25.edu.wroclaw.pl\/wp-content\/uploads\/sites\/77\/2024\/08\/Asfaltowa-84-300x200.jpg 300w, https:\/\/zsp25.edu.wroclaw.pl\/wp-content\/uploads\/sites\/77\/2024\/08\/Asfaltowa-84-1024x682.jpg 1024w, https:\/\/zsp25.edu.wroclaw.pl\/wp-content\/uploads\/sites\/77\/2024\/08\/Asfaltowa-84-768x512.jpg 768w, https:\/\/zsp25.edu.wroclaw.pl\/wp-content\/uploads\/sites\/77\/2024\/08\/Asfaltowa-84-1536x1023.jpg 1536w, https:\/\/zsp25.edu.wroclaw.pl\/wp-content\/uploads\/sites\/77\/2024\/08\/Asfaltowa-84-2048x1364.jpg 2048w\" sizes=\"auto, (max-width: 300px) 100vw, 300px\" \/><\/p>\n<p>Przedszkole nr 111\u00a0 po\u0142o\u017cone jest na osiedlu Wojszyce i wchodzi w sk\u0142ad\u00a0 w Zespo\u0142u\u00a0 Szkolno &#8211; Przedszkolnego nr 25\u00a0 przy ulicy Asfaltowej 6 we Wroc\u0142awiu.<br \/>\nPrzedszkole jest 8 -oddzia\u0142owe. Ucz\u0119szcza do niego 200 dzieci. Do realizacji zada\u0144 statutowych \u00a0posiadamy: 4 sale dla dzieci starszych oraz 4 sale dla dzieci m\u0142odszych,\u00a0 sal\u0119 rekreacyjn\u0105 i pok\u00f3j specjalist\u00f3w. Bezpo\u015brednio do przedszkola przylega du\u017cy plac zabaw oraz ogr\u00f3d z bogat\u0105 ro\u015blinno\u015bci\u0105. Jest tu tak\u017ce miejsce do sadzenia przez dzieci ro\u015blin: kwiat\u00f3w, warzyw i zi\u00f3\u0142.\u00a0 Na terenie\u00a0 placu zabaw znajduj\u0105 si\u0119 piaskownice, nowoczesny kompleks zabawowy oraz wiaty, w kt\u00f3ry dzieci mog\u0105 odpocz\u0105\u0107.[\/vc_column_text][\/vc_column][\/vc_row][vc_row][vc_column css=&#8221;.vc_custom_1727871209410{background: #00366c url(https:\/\/przedszkola.edu.wroclaw.pl\/wp-content\/uploads\/sites\/30\/2021\/06\/tlo.png?id=) !important;}&#8221;][vc_tta_tabs color=&#8221;white&#8221; active_section=&#8221;1&#8243;][vc_tta_section title=&#8221;Nasze sukcesy&#8221; tab_id=&#8221;1605250266111-837ee8f6-d1a9&#8243;][vc_gallery type=&#8221;image_grid&#8221; images=&#8221;6663&#8243; css=&#8221;&#8221; title=&#8221;2025\/2026&#8243;][vc_gallery type=&#8221;image_grid&#8221; images=&#8221;6221,6218,6187,6170,5773,5607,5602,5603,5287,5286,4943,4306&#8243; css=&#8221;&#8221; title=&#8221;2024\/25&#8243;][vc_gallery type=&#8221;image_grid&#8221; images=&#8221;3717,3718,3722,3720,3716,3714,3719,3721,3715&#8243; css=&#8221;&#8221; title=&#8221;2023\/24&#8243;][vc_column_text]<\/p>\n<hr \/>\n<p>[\/vc_column_text][\/vc_tta_section][vc_tta_section title=&#8221;Ramowy rozk\u0142ad dnia&#8221; tab_id=&#8221;1646742116564-c0875922-38d1&#8243;][vc_column_text css=&#8221;&#8221;]<\/p>\n<h2 style=\"text-align: center\">Ramowy rozk\u0142ad dnia<\/h2>\n<table style=\"border-collapse: collapse;width: 100%\">\n<tbody>\n<tr>\n<td style=\"width: 22.9477%;border-style: solid;border-color: #000000;text-align: center;background-color: #b1f0b9\"><strong>7.00-8.00<\/strong><\/td>\n<td style=\"width: 77.0523%;border-style: solid;border-color: #000000;background-color: #b1f0b9;text-align: center\"><strong>Schodzenie si\u0119 dzieci. Zabawy integracyjne; dzia\u0142ania w k\u0105cikach zainteresowa\u0144; gry i uk\u0142adanki przy stolikach.<\/strong><\/p>\n<p>&nbsp;<\/td>\n<\/tr>\n<tr>\n<td style=\"width: 22.9477%;border-style: solid;border-color: #000000;text-align: center;background-color: #fceb79\"><strong>8.00-8.30<\/strong><\/td>\n<td style=\"width: 77.0523%;border-style: solid;border-color: #000000;background-color: #fceb79;text-align: center\"><strong>Zabawy dowolne odpowiadaj\u0105ce zainteresowaniom dzieci &#8211; konstrukcyjne, tematyczne, badawcze przy niewielkim udziale nauczyciela. Aktywno\u015b\u0107 w k\u0105ciku czytelniczym. Zaj\u0119cia indywidualne lub w ma\u0142ych zespo\u0142ach. Zabawy muzyczno-ruchowe. Poranna gimnastyka.<\/strong><\/p>\n<p>&nbsp;<\/td>\n<\/tr>\n<tr>\n<td style=\"width: 22.9477%;border-style: solid;border-color: #000000;text-align: center;background-color: #b1f0b9\"><strong>8.30-9.00<\/strong><\/td>\n<td style=\"width: 77.0523%;border-style: solid;border-color: #000000;background-color: #b1f0b9;text-align: center\"><strong>Czynno\u015bci higieniczno-porz\u0105dkowe. \u015aniadanie.<\/strong><\/p>\n<p>&nbsp;<\/td>\n<\/tr>\n<tr>\n<td style=\"width: 22.9477%;border-style: solid;border-color: #000000;text-align: center;background-color: #fceb79\"><strong>9.00-11.30<\/strong><\/td>\n<td style=\"width: 77.0523%;border-style: solid;border-color: #000000;background-color: #fceb79;text-align: center\"><strong>Zaj\u0119cia edukacyjne wed\u0142ug przyj\u0119tego programu wychowania przedszkolnego, wynikaj\u0105cego z koncepcji pracy przedszkola i zainteresowa\u0144 dzieci. Zabawy swobodno-ruchowe i organizowane na \u015bwie\u017cym powietrzu. Spacery, wycieczki, obserwacje przyrodnicze.<\/strong><\/p>\n<p>&nbsp;<\/td>\n<\/tr>\n<tr>\n<td style=\"width: 22.9477%;border-style: solid;border-color: #000000;text-align: center;background-color: #b1f0b9\"><strong>11.30-12.00<\/strong><\/td>\n<td style=\"width: 77.0523%;border-style: solid;border-color: #000000;background-color: #b1f0b9;text-align: center\"><strong>Czynno\u015bci higieniczno-porz\u0105dkowe. I danie i deser.<\/strong><\/p>\n<p>&nbsp;<\/td>\n<\/tr>\n<tr>\n<td style=\"width: 22.9477%;border-style: solid;border-color: #000000;text-align: center;background-color: #fceb79\"><strong>12.00-14.00<\/strong><\/td>\n<td style=\"width: 77.0523%;border-style: solid;border-color: #000000;background-color: #fceb79;text-align: center\"><strong>Higiena poobiednia &#8211; przygotowanie do odpoczynku. Relaks poobiedni. S\u0142uchanie muzyki relaksacyjnej, bajek z repertuaru dzieci\u0119cego.<\/strong><\/p>\n<p>&nbsp;<\/td>\n<\/tr>\n<tr>\n<td style=\"width: 22.9477%;border-style: solid;border-color: #000000;text-align: center;background-color: #b1f0b9\"><strong>14.00-14.30<\/strong><\/td>\n<td style=\"width: 77.0523%;border-style: solid;border-color: #000000;background-color: #b1f0b9;text-align: center\"><strong>Czynno\u015bci higieniczno-porz\u0105dkowe. II danie i owoc.<\/strong><\/p>\n<p>&nbsp;<\/td>\n<\/tr>\n<tr>\n<td style=\"width: 22.9477%;border-style: solid;border-color: #000000;text-align: center;background-color: #fceb79\"><strong>14.30-16.30<\/strong><\/td>\n<td style=\"width: 77.0523%;border-style: solid;border-color: #000000;background-color: #fceb79;text-align: center\"><strong>Zabawy swobodne lub organizowane w sali b\u0105d\u017a na \u015bwie\u017cym powietrzu. Bajkoterapia. Zaj\u0119cia wyr\u00f3wnawcze &#8211; indywidualne lub w ma\u0142ych zespo\u0142ach.<\/strong><\/p>\n<p>&nbsp;<\/td>\n<\/tr>\n<tr>\n<td style=\"width: 22.9477%;border-style: solid;border-color: #000000;text-align: center;background-color: #b1f0b9\"><strong>16.30-17.00<\/strong><\/td>\n<td style=\"width: 77.0523%;border-style: solid;border-color: #000000;background-color: #b1f0b9;text-align: center\"><strong>Rozchodzenie si\u0119 dzieci. Gry i zabawy wed\u0142ug zainteresowa\u0144 dzieci.<\/strong><\/p>\n<p>&nbsp;<\/td>\n<\/tr>\n<\/tbody>\n<\/table>\n<p>[\/vc_column_text][\/vc_tta_section][vc_tta_section title=&#8221;Kalendarz imprez&#8221; tab_id=&#8221;1646742268757-2ebab149-9e67&#8243;][vc_column_text css=&#8221;&#8221;]<\/p>\n<table style=\"border-collapse: collapse;width: 100%\">\n<tbody>\n<tr>\n<td style=\"width: 33.3333%\" width=\"170\"><em>Data<\/em><\/td>\n<td style=\"width: 33.3333%\" width=\"203\"><em>Tematyka<\/em><\/td>\n<td style=\"width: 33.3333%\" width=\"187\"><em>Rodzaj imprezy<\/em><\/td>\n<\/tr>\n<tr>\n<td style=\"width: 33.3333%\" width=\"170\">&nbsp;<\/p>\n<p>wrzesie\u0144<\/td>\n<td style=\"width: 33.3333%\" width=\"203\"><strong>Kasztany i \u017co\u0142\u0119dzie dla dzikich zwierz\u0105t.<br \/>\nPom\u00f3\u017cmy zwierz\u0119tom przetrwa\u0107 zim\u0119.<\/strong><\/td>\n<td style=\"width: 33.3333%\" width=\"187\">Akcja dla plac\u00f3wek o\u015bwiatowo-wychowawczych<br \/>\nz Wroc\u0142awia i okolic.Termin 15.09 &#8211; 30.10. 2025<\/td>\n<\/tr>\n<tr>\n<td style=\"width: 33.3333%\" width=\"170\">15 wrze\u015bnia<\/td>\n<td style=\"width: 33.3333%\" width=\"203\"><strong>Dzie\u0144 Kropki<\/strong><\/td>\n<td style=\"width: 33.3333%\" width=\"187\">Celebrowanie tw\u00f3rczych postaw i kreatywno\u015bci.<\/p>\n<p>&nbsp;<\/td>\n<\/tr>\n<tr>\n<td style=\"width: 33.3333%\" width=\"170\">23 wrze\u015bnia<\/td>\n<td style=\"width: 33.3333%\" width=\"203\"><strong>Powitanie Jesieni<br \/>\n+<br \/>\nDzie\u0144 przedszkolaka<\/strong><\/td>\n<td style=\"width: 33.3333%\" width=\"187\">JESIENNY BAL PRZEDSZKOLAKA.<br \/>\nWizyta Pani Jesieni<br \/>\nw przedszkolu, pl\u0105sy<br \/>\ni zabawy w grupach. Dzie\u0144 zabaw i zaj\u0119\u0107 przybli\u017caj\u0105cych tematyk\u0119 p\u00f3r roku \u2013 lata i jesieni.<\/td>\n<\/tr>\n<tr>\n<td style=\"width: 33.3333%\" width=\"170\">30 wrze\u015bnia<\/td>\n<td style=\"width: 33.3333%\" width=\"203\"><strong>Dzie\u0144 Ch\u0142opaka<\/strong><\/td>\n<td style=\"width: 33.3333%\" width=\"187\">Gry i zabawy<br \/>\nw poszczeg\u00f3lnych grupach.<\/td>\n<\/tr>\n<tr>\n<td style=\"width: 33.3333%\" width=\"170\">&nbsp;<\/p>\n<p>15 pa\u017adziernik<\/td>\n<td style=\"width: 33.3333%\" width=\"203\"><strong>\u00a0<\/strong><\/p>\n<p><strong>Dzie\u0144 Drzewa<\/strong><\/td>\n<td style=\"width: 33.3333%\" width=\"187\">Wystawa plastyczna przedstawiaj\u0105ca drzewa r\u00f3\u017cnorodnymi technikami.<\/p>\n<p>Gry i zabawy<br \/>\nw poszczeg\u00f3lnych grupach.<\/p>\n<p>&nbsp;<\/td>\n<\/tr>\n<tr>\n<td style=\"width: 33.3333%\" width=\"170\">&nbsp;<\/p>\n<p>11 pa\u017adziernika<\/td>\n<td style=\"width: 33.3333%\" width=\"203\"><strong>Dzie\u0144 Dziewczynek<\/strong><\/td>\n<td style=\"width: 33.3333%\" width=\"187\">Gry i zabawy<br \/>\nw poszczeg\u00f3lnych grupach.<\/td>\n<\/tr>\n<tr>\n<td style=\"width: 33.3333%\" width=\"170\">&nbsp;<\/p>\n<p>&nbsp;<\/p>\n<p>25 pa\u017adziernika<\/td>\n<td style=\"width: 33.3333%\" width=\"203\"><strong>\u00a0<\/strong><\/p>\n<p><strong>\u00a0<\/strong><\/p>\n<p><strong>Dzie\u0144 Kundelka oraz zbi\u00f3rka dla schroniska<\/strong><\/td>\n<td style=\"width: 33.3333%\" width=\"187\">&nbsp;<\/p>\n<p>Gry i zabawy<br \/>\nw poszczeg\u00f3lnych grupach . Zbi\u00f3rka dla schroniska &#8211; akcja charytatywna<\/p>\n<p>&nbsp;<\/td>\n<\/tr>\n<tr>\n<td style=\"width: 33.3333%\" width=\"170\">&nbsp;<\/p>\n<p>30 pa\u017adziernika<\/td>\n<td style=\"width: 33.3333%\" width=\"203\"><strong>\u015awi\u0119to Dyni<\/strong><\/td>\n<td style=\"width: 33.3333%\" width=\"187\">Gry i zabawy wewn\u0105trz poszczeg\u00f3lnych grup. Wystawa dyni.<\/p>\n<p>&nbsp;<\/td>\n<\/tr>\n<tr>\n<td style=\"width: 33.3333%\" width=\"170\">&nbsp;<\/p>\n<p>&nbsp;<\/p>\n<p>listopad<\/td>\n<td style=\"width: 33.3333%\" width=\"203\"><strong>\u00a0<\/strong><\/p>\n<p><strong>\u201eG\u00f3ra grosza\u201d<\/strong><\/p>\n<p><strong>\u00a0<\/strong><\/td>\n<td style=\"width: 33.3333%\" width=\"187\">Akcja charytatywna.<\/td>\n<\/tr>\n<tr>\n<td style=\"width: 33.3333%\" width=\"170\">4 listopada<\/td>\n<td style=\"width: 33.3333%\" width=\"203\"><strong>Dzie\u0144 postaci z bajek<\/strong><\/td>\n<td style=\"width: 33.3333%\" width=\"187\">Zabawa przebierana<br \/>\nw grupach.<br \/>\nPokaz stroj\u00f3w w sali rekreacyjnej.<\/td>\n<\/tr>\n<tr>\n<td style=\"width: 33.3333%\" width=\"170\">8 listopada<\/td>\n<td style=\"width: 33.3333%\" width=\"203\"><strong>\u00a0<\/strong><\/p>\n<p><strong>Obchody Dnia Niepodleg\u0142o\u015bci<\/strong><\/p>\n<p>&nbsp;<\/td>\n<td style=\"width: 33.3333%\" width=\"187\">Obchody \u015awi\u0119ta Niepodleg\u0142o\u015bci.<\/p>\n<p>Uroczysty apel. Po\u0142\u0105czony z Konkursem Piosenki Patriotycznej<\/p>\n<p>&nbsp;<\/td>\n<\/tr>\n<tr>\n<td style=\"width: 33.3333%\" width=\"170\">21 listopada<\/td>\n<td style=\"width: 33.3333%\" width=\"203\"><strong>\u00a0<\/strong><\/p>\n<p><strong>Dzie\u0144 \u017byczliwo\u015bci<br \/>\nz pluszowym Misiem<\/strong><\/p>\n<p>&nbsp;<\/td>\n<td style=\"width: 33.3333%\" width=\"187\">Teatrzyk dla dzieci.<\/td>\n<\/tr>\n<tr>\n<td style=\"width: 33.3333%\" width=\"170\">30 listopada<\/td>\n<td style=\"width: 33.3333%\" width=\"203\"><strong>Zabawa Andrzejkowa<\/strong><\/td>\n<td style=\"width: 33.3333%\" width=\"187\">Zabawa taneczna.<br \/>\nDzie\u0144 wr\u00f3\u017cb<br \/>\ni niespodzianek<br \/>\nw grupach.<\/td>\n<\/tr>\n<tr>\n<td style=\"width: 33.3333%\" rowspan=\"4\" width=\"170\">&nbsp;<\/p>\n<p>grudzie\u0144<\/td>\n<td style=\"width: 33.3333%\" width=\"203\">&nbsp;<\/p>\n<p><strong>Konkurs przedszkolny<br \/>\n\u201eOzdoba bo\u017conarodzeniowa\u201d<\/strong><\/p>\n<p>&nbsp;<\/td>\n<td style=\"width: 33.3333%\" width=\"187\">Wzbudzanie zainteresowania dzieci ozdobami \u015bwi\u0105tecznymi.<\/td>\n<\/tr>\n<tr>\n<td style=\"width: 33.3333%\" width=\"203\"><strong>Akcja 'Kartka dla seniora\u201d<\/strong><\/p>\n<p><strong>Caritas<\/strong><\/td>\n<td style=\"width: 33.3333%\" width=\"187\">Przygotowanie kartek bo\u017conarodzeniowych\u00a0 przez przedszkolak\u00f3w dla senior\u00f3w.<\/td>\n<\/tr>\n<tr>\n<td style=\"width: 33.3333%\" width=\"203\"><strong>\u201eWarsztat \u015bw. Miko\u0142aja\u201d \u2013 warsztaty bo\u017conarodzeniowe z rodzicami.<\/strong><\/td>\n<td style=\"width: 33.3333%\" width=\"187\">Wzmacnianie wi\u0119zi, poczucia przynale\u017cno\u015bci do plac\u00f3wki oraz celebrowanie \u015bwi\u0105tecznego czasu.<\/p>\n<p>&nbsp;<\/td>\n<\/tr>\n<tr>\n<td style=\"width: 33.3333%\" width=\"203\"><strong>Kiermasz bo\u017conarodzeniowy<\/strong><\/p>\n<p><strong>\u00a0<\/strong><\/td>\n<td style=\"width: 33.3333%\" width=\"187\">&nbsp;<\/p>\n<p>Sprzeda\u017c ozd\u00f3b \u015bwi\u0105tecznych wykonanych przez dzieci wraz<br \/>\nz rodzicami podczas warsztat\u00f3w \u015bwi\u0105tecznych.<\/p>\n<p>&nbsp;<\/td>\n<\/tr>\n<tr>\n<td style=\"width: 33.3333%\" width=\"170\">&nbsp;<\/p>\n<p>6 grudnia<\/td>\n<td style=\"width: 33.3333%\" width=\"203\"><strong>\u00a0<\/strong><\/p>\n<p><strong>Spotkanie z Miko\u0142ajem<\/strong><\/td>\n<td style=\"width: 33.3333%\" width=\"187\">Zabawa z Miko\u0142ajkowa<br \/>\nw sali rekreacyjnej.Prezenty &#8211; niespodzianki dla poszczeg\u00f3lnych grup.<\/td>\n<\/tr>\n<tr>\n<td style=\"width: 33.3333%\" width=\"170\">20 grudnia<\/td>\n<td style=\"width: 33.3333%\" width=\"203\"><strong>Przedstawienie Bo\u017conarodzeniowe,<br \/>\nWigilia<\/strong><\/td>\n<td style=\"width: 33.3333%\" width=\"187\">&nbsp;<\/p>\n<p>Uroczysta Wigilia dla dzieci i personelu.<\/p>\n<p>Inscenizacja bo\u017conarodzeniowa.<\/td>\n<\/tr>\n<tr>\n<td style=\"width: 33.3333%\" rowspan=\"3\" width=\"170\">stycze\u0144\/luty<\/td>\n<td style=\"width: 33.3333%\" width=\"203\"><strong>Dzie\u0144 Babci i Dziadka<\/strong><\/td>\n<td style=\"width: 33.3333%\" width=\"187\">Uroczysto\u015b\u0107 z udzia\u0142em bab\u0107 i dziadk\u00f3w. Wr\u0119czenie upomink\u00f3w.<\/p>\n<p>&nbsp;<\/td>\n<\/tr>\n<tr>\n<td style=\"width: 33.3333%\" width=\"203\"><strong>Bal karnawa\u0142owy<\/strong><\/p>\n<p>&nbsp;<\/td>\n<td style=\"width: 33.3333%\" width=\"187\">Zabawa taneczna<br \/>\nz udzia\u0142em dzieci<br \/>\nz wszystkich oddzia\u0142\u00f3w<br \/>\nz podzia\u0142em na grupy m\u0142odsze i starsze.<\/td>\n<\/tr>\n<tr>\n<td style=\"width: 33.3333%\" width=\"203\"><strong><br \/>\nKonkurs plastyczny <\/strong><strong>\u201eKim chcia\u0142bym by\u0107, gdy dorosn\u0119?\u201d<\/strong><\/td>\n<td style=\"width: 33.3333%\" width=\"187\">Konkurs ma pobudzi\u0107 dzieci do odkrywania swoich talent\u00f3w i pasji, kt\u00f3re mog\u0105 by\u0107 fundamentem ich przysz\u0142ej kariery.<\/p>\n<p>&nbsp;<\/td>\n<\/tr>\n<tr>\n<td style=\"width: 33.3333%\" width=\"170\">10 lutego<\/td>\n<td style=\"width: 33.3333%\" width=\"203\"><strong>\u00a0<\/strong><\/p>\n<p><strong>Dzie\u0144 pizzy<\/strong><\/p>\n<p>&nbsp;<\/td>\n<td style=\"width: 33.3333%\" width=\"187\">Gry i zabawy<br \/>\nw poszczeg\u00f3lnych grupach.<\/td>\n<\/tr>\n<tr>\n<td style=\"width: 33.3333%\" width=\"170\">26 lutego<\/td>\n<td style=\"width: 33.3333%\" width=\"203\"><strong>Dzie\u0144 dinozaura<\/strong><\/td>\n<td style=\"width: 33.3333%\" width=\"187\">Wystawa przestrzennych figur dinozaur\u00f3w<br \/>\nw korytarzu i szatni przedszkola. Gry i zabawy w poszczeg\u00f3lnych grupach.<\/td>\n<\/tr>\n<tr>\n<td style=\"width: 33.3333%\" rowspan=\"2\" width=\"170\">&nbsp;<\/p>\n<p>marzec<\/td>\n<td style=\"width: 33.3333%\" width=\"203\">&nbsp;<\/p>\n<p><strong>Ma\u0142y ogrodnik \u2013 przygotowywanie doniczek do wysiewu ro\u015blin.<\/strong><\/td>\n<td style=\"width: 33.3333%\" width=\"187\">&nbsp;<\/p>\n<p>Wsp\u00f3lne organizowanie przestrzeni<br \/>\nw przedszkolnych donicach w celu nasadzenia warzyw.<br \/>\nDosypywanie ziemi, u\u017cywanie kompostu oraz nawoz\u00f3w organicznych, organizowanie przestrzeni w doniczce \u2013 podzia\u0142 przestrzeni na grz\u0105dki.<\/p>\n<p>&nbsp;<\/td>\n<\/tr>\n<tr>\n<td style=\"width: 33.3333%\" width=\"203\"><strong>Pasowanie na przedszkolaka<\/strong><\/td>\n<td style=\"width: 33.3333%\" width=\"187\">Uroczyste pasowanie dzieci z najm\u0142odszej grupy.<\/td>\n<\/tr>\n<tr>\n<td style=\"width: 33.3333%\" width=\"170\">&nbsp;<\/p>\n<p>12 marca<\/td>\n<td style=\"width: 33.3333%\" width=\"203\"><strong>Dzie\u0144 matematyki<\/strong><\/td>\n<td style=\"width: 33.3333%\" width=\"187\">Teatrzyk interaktywny. Zadania do wykonania<br \/>\nw poszczeg\u00f3lnych grupach.<\/td>\n<\/tr>\n<tr>\n<td style=\"width: 33.3333%\" width=\"170\">21 marca<\/td>\n<td style=\"width: 33.3333%\" width=\"203\"><strong>Powitanie wiosny<\/strong><\/td>\n<td style=\"width: 33.3333%\" width=\"187\">Teatrzyk interaktywny<\/p>\n<p>Dzie\u0144 zabaw i zaj\u0119\u0107 przybli\u017caj\u0105cych tematyk\u0119 p\u00f3r roku: zimy i wiosny.<\/p>\n<p>&nbsp;<\/p>\n<p>\u201eParada wiosennych kapeluszy\u201d<\/td>\n<\/tr>\n<tr>\n<td style=\"width: 33.3333%\" rowspan=\"2\" width=\"170\">&nbsp;<\/p>\n<p>kwiecie\u0144<\/td>\n<td style=\"width: 33.3333%\" width=\"203\"><strong>Wizyta wielkanocnego Zaj\u0105ca i wielkie przedszkolne szukanie jajek.<\/strong><\/td>\n<td style=\"width: 33.3333%\" width=\"187\">Dzie\u0144 zabaw i zaj\u0119\u0107 przybli\u017caj\u0105cych tematyk\u0119 wielkanocn\u0105.<\/p>\n<p>Gra terenowa- jajka z niespodziank\u0105 matematyczn\u0105.<\/td>\n<\/tr>\n<tr>\n<td style=\"width: 33.3333%\" width=\"203\"><strong>\u00a0<\/strong><\/p>\n<p><strong>Konkurs przedszkolny<br \/>\n\u201eTalerz zdrowia\u201d lub \u201eMoja ulubiona aktywno\u015b\u0107 fizyczna\u201d<\/strong><\/td>\n<td style=\"width: 33.3333%\" width=\"187\">&nbsp;<\/p>\n<p>Kszta\u0142towanie prozdrowotnych postaw i aktywno\u015bci ruchowej dzieci.<\/p>\n<p>&nbsp;<\/td>\n<\/tr>\n<tr>\n<td style=\"width: 33.3333%\" width=\"170\">&nbsp;<\/p>\n<p>2 kwietnia<\/td>\n<td style=\"width: 33.3333%\" width=\"203\"><strong>Pi\u0119knie si\u0119 r\u00f3\u017cnimy<br \/>\n<\/strong>(dzie\u0144 os\u00f3b z Zespo\u0142em Downa i dzie\u0144 \u015bwiadomo\u015bci Autyzmu)<\/td>\n<td style=\"width: 33.3333%\" width=\"187\">&nbsp;<\/p>\n<p>Niebieski str\u00f3j \u2013 solidaryzowanie si\u0119 z osobami ze spektrum autyzmu.<\/p>\n<p>Dwie r\u00f3\u017cne skarpetki \u2013 solidaryzowanie si\u0119 z osobami z Zespo\u0142em Downa.<\/p>\n<p>Zaj\u0119cia w poszczeg\u00f3lnych grupach.<\/td>\n<\/tr>\n<tr>\n<td style=\"width: 33.3333%\" width=\"170\">22 kwietnia<\/td>\n<td style=\"width: 33.3333%\" width=\"203\"><strong>\u015awiatowy Dzie\u0144 Ziemi<\/strong><\/td>\n<td style=\"width: 33.3333%\" width=\"187\">Cykl zabaw i zaj\u0119\u0107 przybli\u017caj\u0105cych znaczenie ochrony przyrody i jej zasob\u00f3w.<\/p>\n<p>\u201eParada Eco-mody\u201d<\/td>\n<\/tr>\n<tr>\n<td style=\"width: 33.3333%\" rowspan=\"4\" width=\"170\">maj<\/td>\n<td style=\"width: 33.3333%\" width=\"203\">&nbsp;<\/p>\n<p><strong>\u201eRowerowy maj\u201d<\/strong><\/p>\n<p>&nbsp;<\/p>\n<p>&nbsp;<\/p>\n<p>&nbsp;<\/p>\n<p>&nbsp;<\/td>\n<td style=\"width: 33.3333%\" width=\"187\">&nbsp;<\/p>\n<p>Akcja promocyjna dotycz\u0105ca zdrowego trybu \u017cycia.<\/p>\n<p>&nbsp;<\/td>\n<\/tr>\n<tr>\n<td style=\"width: 33.3333%\" width=\"203\">&nbsp;<\/p>\n<p><strong>\u201eSprintem do maratonu\u201d<\/strong><\/p>\n<p>&nbsp;<\/td>\n<td style=\"width: 33.3333%\" width=\"187\">&nbsp;<\/p>\n<p>Bieg przedszkolak\u00f3w.<\/p>\n<p>&nbsp;<\/td>\n<\/tr>\n<tr>\n<td style=\"width: 33.3333%\" width=\"203\">&nbsp;<\/p>\n<p><strong>\u201eWiosenny kiermasz ro\u015blin\u201d<\/strong><\/td>\n<td style=\"width: 33.3333%\" width=\"187\">&nbsp;<\/p>\n<p>Promowanie dbania o \u015brodowisko i podkre\u015blania konieczno\u015bci dbania<br \/>\no przyrod\u0119.<\/p>\n<p>&nbsp;<\/p>\n<p>&nbsp;<\/td>\n<\/tr>\n<tr>\n<td style=\"width: 33.3333%\" width=\"203\">&nbsp;<\/p>\n<p><strong>\u201eDzie\u0144 kosmosu\u201d<\/strong><\/td>\n<td style=\"width: 33.3333%\" width=\"187\">Rozwijanie wyobra\u017ani oraz wiedzy o planetach. Wystawa przestrzennych prac plastycznych.<\/p>\n<p>&nbsp;<\/td>\n<\/tr>\n<tr>\n<td style=\"width: 33.3333%\" width=\"170\">5 maja<\/td>\n<td style=\"width: 33.3333%\" width=\"203\"><strong>\u015awi\u0119to Konstytucji 3 maja<\/strong><\/td>\n<td style=\"width: 33.3333%\" width=\"187\">&nbsp;<\/p>\n<p>Uroczysty apel.<\/p>\n<p>&nbsp;<\/td>\n<\/tr>\n<tr>\n<td style=\"width: 33.3333%\" width=\"170\">20 maja<\/td>\n<td style=\"width: 33.3333%\" width=\"203\"><strong>\u015awiatowy Dzie\u0144 Pszcz\u00f3\u0142<\/strong><\/td>\n<td style=\"width: 33.3333%\" width=\"187\">&nbsp;<\/p>\n<p>Odwiedziny pszczelarza, pogadanki i zaj\u0119cia<br \/>\nw grupach.<\/p>\n<p>&nbsp;<\/td>\n<\/tr>\n<tr>\n<td style=\"width: 33.3333%\" rowspan=\"2\" width=\"170\">&nbsp;<\/p>\n<p>czerwiec<\/td>\n<td style=\"width: 33.3333%\" width=\"203\">&nbsp;<\/p>\n<p><strong>Dzie\u0144 dziecka\/ Festyn rodzinny<\/strong><\/td>\n<td style=\"width: 33.3333%\" width=\"187\">&nbsp;<\/p>\n<p>Obchody Dnia Rodziny. Wyst\u0105pienia dzieci<br \/>\nz poszczeg\u00f3lnych grup. Zabawy z animatorami.<\/p>\n<p>&nbsp;<\/td>\n<\/tr>\n<tr>\n<td style=\"width: 33.3333%\" width=\"203\"><strong>Zako\u0144czenie roku oddzia\u0142\u00f3w zerowych<\/strong><\/td>\n<td style=\"width: 33.3333%\" width=\"187\">&nbsp;<\/p>\n<p>Uroczysto\u015b\u0107 z udzia\u0142em dzieci, rodzic\u00f3w dyrekcji<br \/>\ni nauczycieli.<\/td>\n<\/tr>\n<tr>\n<td style=\"width: 33.3333%\" width=\"170\">&nbsp;<\/p>\n<p>Terminy do uzgodnienia z dyrektorem Centrum Aktywno\u015bci Lokalnej<\/p>\n<p>&nbsp;<\/td>\n<td style=\"width: 33.3333%\" width=\"203\"><strong>\u00a0<\/strong><\/p>\n<p><strong>Udzia\u0142 w spotkaniach<br \/>\ni imprezach organizowanych przez Centrum Aktywno\u015bci Lokalnej<\/strong><\/p>\n<p>&nbsp;<\/td>\n<td style=\"width: 33.3333%\" width=\"187\">&nbsp;<\/p>\n<p>Nawi\u0105zanie wsp\u00f3\u0142pracy ze \u015brodowiskiem lokalnym.<\/p>\n<p>&nbsp;<\/td>\n<\/tr>\n<\/tbody>\n<\/table>\n<p>&nbsp;<\/p>\n<p>[\/vc_column_text][\/vc_tta_section][vc_tta_section title=&#8221;Zaj\u0119cia dodatkowe&#8221; tab_id=&#8221;1646742457365-b9a7dd9c-aba7&#8243;][vc_column_text css=&#8221;&#8221;]<\/p>\n<h2 style=\"text-align: center\">Zaj\u0119cia dodatkowe<\/h2>\n<table style=\"border-collapse: collapse;width: 100%;height: 216px\">\n<tbody>\n<tr style=\"height: 24px\">\n<td style=\"width: 16.6667%;border-style: solid;border-color: #000000;text-align: center;height: 24px;background-color: #8cd1a3\"><\/td>\n<td style=\"width: 16.6667%;border-style: solid;border-color: #000000;text-align: center;height: 24px;background-color: #8cd1a3\"><strong>PONIEDZIA\u0141EK<\/strong><\/td>\n<td style=\"width: 16.6667%;border-style: solid;border-color: #000000;text-align: center;height: 24px;background-color: #8cd1a3\"><strong>WTOREK<\/strong><\/td>\n<td style=\"width: 16.6667%;border-style: solid;border-color: #000000;text-align: center;height: 24px;background-color: #8cd1a3\"><strong>\u015aRODA<\/strong><\/td>\n<td style=\"width: 16.6667%;border-style: solid;border-color: #000000;text-align: center;height: 24px;background-color: #8cd1a3\"><strong>CZWARTEK<\/strong><\/td>\n<td style=\"width: 16.6667%;border-style: solid;border-color: #000000;text-align: center;height: 24px;background-color: #8cd1a3\">&nbsp;<\/p>\n<p><strong>PI\u0104TEK<\/strong><\/p>\n<p>&nbsp;<\/td>\n<\/tr>\n<tr style=\"height: 224px\">\n<td style=\"width: 16.6667%;border-style: solid;border-color: #000000;text-align: center;height: 24px;background-color: #8cd1a3\"><strong>GRUPA I<\/strong><\/td>\n<td style=\"width: 16.6667%;border-style: solid;border-color: #000000;text-align: center;height: 24px;background-color: #dfe39a\">9.00-9.20 rytmika<\/td>\n<td style=\"width: 16.6667%;border-style: solid;border-color: #000000;text-align: center;height: 24px;background-color: #dfe39a\">9.00-9.30\u00a0 \u00a0 \u00a0 \u00a0 \u00a0 \u00a0mali wspaniali<\/p>\n<p>10.30-11.00\u00a0 \u00a0 \u00a0 \u00a0j\u0119zyk angielski<\/td>\n<td style=\"width: 16.6667%;border-style: solid;border-color: #000000;text-align: center;height: 24px;background-color: #dfe39a\">9.00-9.30\u00a0 \u00a0 logorytmika<\/td>\n<td style=\"width: 16.6667%;border-style: solid;border-color: #000000;height: 24px;background-color: #dfe39a;text-align: center\">\u00a0 \u00a0 \u00a0 8.00-8.30\u00a0 \u00a0 \u00a0 \u00a0 religia<\/p>\n<p>9.00-9.30\u00a0 \u00a0 \u00a0 \u00a0 \u00a0 \u00a09.30-10.00 gimnastyka<\/p>\n<p>10.30-11.00\u00a0 \u00a0 \u00a0 \u00a0 j\u0119zyk angielski<\/td>\n<td style=\"width: 16.6667%;border-style: solid;border-color: #000000;text-align: center;height: 24px;background-color: #dfe39a\"><\/td>\n<\/tr>\n<tr style=\"height: 24px\">\n<td style=\"width: 16.6667%;border-style: solid;border-color: #000000;text-align: center;height: 24px;background-color: #8cd1a3\"><strong>GRUPA II<\/strong><\/td>\n<td style=\"width: 16.6667%;border-style: solid;border-color: #000000;text-align: center;height: 24px\">9.20-9.40 rytmika<\/td>\n<td style=\"width: 16.6667%;border-style: solid;border-color: #000000;text-align: center;height: 24px\">&nbsp;<\/p>\n<p>10.00-10.30\u00a0 \u00a0 \u00a0 \u00a0 \u00a0 mali wspaniali<\/p>\n<p>11.00-11.30\u00a0 \u00a0 \u00a0 \u00a0 j\u0119zyk angielski<\/td>\n<td style=\"width: 16.6667%;border-style: solid;border-color: #000000;text-align: center;height: 24px\">9.30-10.00 logorytmika<\/td>\n<td style=\"width: 16.6667%;border-style: solid;border-color: #000000;text-align: center;height: 24px\">\u00a0 \u00a0 \u00a08.30-9.00\u00a0 \u00a0 \u00a0 \u00a0 \u00a0 \u00a0 religia<\/p>\n<p>10.00-10.30\u00a0 \u00a0 \u00a0 \u00a0 10.30-11.00 gimnastyka<\/p>\n<p>11.00-11.30\u00a0 \u00a0 \u00a0 \u00a0j\u0119zyk angielski<\/td>\n<td style=\"width: 16.6667%;border-style: solid;border-color: #000000;text-align: center;height: 24px\"><\/td>\n<\/tr>\n<tr style=\"height: 24px\">\n<td style=\"width: 16.6667%;border-style: solid;border-color: #000000;text-align: center;height: 24px;background-color: #8cd1a3\"><strong>GRUPA III<\/strong><\/td>\n<td style=\"width: 16.6667%;border-style: solid;border-color: #000000;text-align: center;height: 24px;background-color: #dfe39a\">9.40-10.00 rytmika<\/td>\n<td style=\"width: 16.6667%;border-style: solid;border-color: #000000;text-align: center;height: 24px;background-color: #dfe39a\">\u00a0 \u00a0 \u00a09.30-10.00\u00a0 \u00a0 \u00a0 \u00a0 \u00a0 mali wspaniali<\/p>\n<p>10.00-10.30\u00a0 \u00a0 \u00a0 j\u0119zyk angielski<\/td>\n<td style=\"width: 16.6667%;border-style: solid;border-color: #000000;text-align: center;height: 24px;background-color: #dfe39a\">10.00-10.30 logorytmika<\/td>\n<td style=\"width: 16.6667%;border-style: solid;border-color: #000000;text-align: center;height: 24px;background-color: #dfe39a\">&nbsp;<\/p>\n<p>12.35-13.05\u00a0 \u00a0 \u00a0religia<\/p>\n<p>11.00-11.30\u00a0 \u00a0 \u00a0 11.30-12.00 gimnastyka<\/p>\n<p>10.00-10.30\u00a0 \u00a0 \u00a0 j\u0119zyk angielski<\/td>\n<td style=\"width: 16.6667%;border-style: solid;border-color: #000000;text-align: center;height: 24px;background-color: #dfe39a\"><\/td>\n<\/tr>\n<tr style=\"height: 24px\">\n<td style=\"width: 16.6667%;border-style: solid;border-color: #000000;text-align: center;height: 24px;background-color: #8cd1a3\"><strong>GRUPA IV<\/strong><\/td>\n<td style=\"width: 16.6667%;border-style: solid;border-color: #000000;text-align: center;height: 24px\">10.00-10.20 rytmika<\/p>\n<p>&nbsp;<\/td>\n<td style=\"width: 16.6667%;border-style: solid;border-color: #000000;text-align: center;height: 24px\">10.30-11.00\u00a0 \u00a0 \u00a0 \u00a0 mali wspaniali<\/td>\n<td style=\"width: 16.6667%;border-style: solid;border-color: #000000;text-align: center;height: 24px\">\u00a0 10.00-10.30\u00a0 \u00a010.30-11.00 gimnastyka<\/p>\n<p>11.00-11.30 logorytmika<\/p>\n<p>10.30-11.00\/\u00a0 \u00a0 \u00a0 \u00a0 \u00a0 12.00-12.30\u00a0 \u00a0 \u00a0 j\u0119zyk angielski<\/td>\n<td style=\"width: 16.6667%;border-style: solid;border-color: #000000;text-align: center;height: 24px\"><\/td>\n<td style=\"width: 16.6667%;border-style: solid;border-color: #000000;text-align: center;height: 24px\">8.00-8.30 religia<\/p>\n<p>10.30-11.00\/\u00a0 \u00a0 \u00a0 \u00a012.00-12.30\u00a0 \u00a0 \u00a0 j\u0119zyk angielski<\/td>\n<\/tr>\n<tr style=\"height: 24px\">\n<td style=\"width: 16.6667%;border-style: solid;border-color: #000000;text-align: center;height: 24px;background-color: #8cd1a3\"><strong>GRUPA V<\/strong><\/td>\n<td style=\"width: 16.6667%;border-style: solid;border-color: #000000;text-align: center;height: 24px;background-color: #dfe39a\">10.20-10.40 rytmika<\/td>\n<td style=\"width: 16.6667%;border-style: solid;border-color: #000000;text-align: center;height: 24px;background-color: #dfe39a\">\u00a0 \u00a0 \u00a0 \u00a011.00-11.30\u00a0 \u00a0 \u00a0 \u00a0 \u00a0 \u00a0mali wspaniali<\/td>\n<td style=\"width: 16.6667%;border-style: solid;border-color: #000000;text-align: center;height: 24px;background-color: #dfe39a\">\u00a0 \u00a0 \u00a0 9.00-9.30\u00a0 \u00a0 \u00a0 \u00a0 \u00a09.30-10.00 gimnastyka<\/p>\n<p>10.30-11.00 logorytmika<\/p>\n<p>11.00-11.30\/\u00a0 \u00a0 \u00a0 \u00a0 \u00a0 12.30-13.00\u00a0 \u00a0 \u00a0 j\u0119zyk angielski<\/td>\n<td style=\"width: 16.6667%;border-style: solid;border-color: #000000;text-align: center;height: 24px;background-color: #dfe39a\"><\/td>\n<td style=\"width: 16.6667%;border-style: solid;border-color: #000000;text-align: center;height: 24px;background-color: #dfe39a\">8.00-8.30 religia<\/p>\n<p>11.00-11.30\/\u00a0 \u00a0 \u00a0 \u00a012.30-13.00\u00a0 \u00a0 \u00a0 j\u0119zyk angielski<\/td>\n<\/tr>\n<tr style=\"height: 24px\">\n<td style=\"width: 16.6667%;border-style: solid;border-color: #000000;text-align: center;height: 24px;background-color: #8cd1a3\"><strong>GRUPA VI<\/strong><\/td>\n<td style=\"width: 16.6667%;border-style: solid;border-color: #000000;text-align: center;height: 24px\">10.40-11.10\u00a0 rytmika<\/p>\n<p>&nbsp;<\/td>\n<td style=\"width: 16.6667%;border-style: solid;border-color: #000000;text-align: center;height: 24px\">9.00-9.30\u00a0 \u00a0 \u00a0 \u00a0 \u00a0 j\u0119zyk angielski<\/p>\n<p>11.30-12.00\u00a0 \u00a0 \u00a0 \u00a0 \u00a0 \u00a0 \u00a0 \u00a0mali wspaniali<\/p>\n<p>&nbsp;<\/td>\n<td style=\"width: 16.6667%;border-style: solid;border-color: #000000;text-align: center;height: 24px\">11.00-11.30\u00a0 \u00a0 \u00a011.30-12.00 gimnastyka<\/td>\n<td style=\"width: 16.6667%;border-style: solid;border-color: #000000;text-align: center;height: 24px\">9.00-9.30\u00a0 \u00a0 \u00a0 \u00a0 \u00a0 j\u0119zyk angielski<\/td>\n<td style=\"width: 16.6667%;border-style: solid;border-color: #000000;text-align: center;height: 24px\">8.30-9.00 religia<\/td>\n<\/tr>\n<tr style=\"height: 24px\">\n<td style=\"width: 16.6667%;border-style: solid;border-color: #000000;text-align: center;height: 24px;background-color: #8cd1a3\"><strong>GRUPA VII<\/strong><\/td>\n<td style=\"width: 16.6667%;border-style: solid;border-color: #000000;text-align: center;height: 24px;background-color: #dfe39a\">11.10-11.40\u00a0 \u00a0rytmika<\/p>\n<p>&nbsp;<\/td>\n<td style=\"width: 16.6667%;border-style: solid;border-color: #000000;text-align: center;height: 24px;background-color: #dfe39a\">9.30-10.00\u00a0 \u00a0 \u00a0 \u00a0 \u00a0 j\u0119zyk angielski<\/p>\n<p>12.00-12.30\u00a0 \u00a0 \u00a0 \u00a0 \u00a0 \u00a0 \u00a0 \u00a0mali wspaniali<\/p>\n<p>&nbsp;<\/td>\n<td style=\"width: 16.6667%;border-style: solid;border-color: #000000;text-align: center;height: 24px;background-color: #dfe39a\">12.00-12.30\u00a0 \u00a0 12.30-13.00 gimnastyka<\/td>\n<td style=\"width: 16.6667%;border-style: solid;border-color: #000000;text-align: center;height: 24px;background-color: #dfe39a\">9.30-10.00\u00a0 \u00a0 \u00a0 \u00a0 j\u0119zyk angielski<\/td>\n<td style=\"width: 16.6667%;border-style: solid;border-color: #000000;text-align: center;height: 24px;background-color: #dfe39a\">9.00-9.30 religia<\/td>\n<\/tr>\n<tr style=\"height: 24px\">\n<td style=\"width: 16.6667%;border-style: solid;border-color: #000000;text-align: center;height: 24px;background-color: #8cd1a3\"><\/td>\n<td style=\"width: 16.6667%;border-style: solid;border-color: #000000;text-align: center;height: 24px\"><\/td>\n<td style=\"width: 16.6667%;border-style: solid;border-color: #000000;text-align: center;height: 24px\"><\/td>\n<td style=\"width: 16.6667%;border-style: solid;border-color: #000000;text-align: center;height: 24px\"><\/td>\n<td style=\"width: 16.6667%;border-style: solid;border-color: #000000;text-align: center;height: 24px\"><\/td>\n<td style=\"width: 16.6667%;border-style: solid;border-color: #000000;text-align: center;height: 24px\"><\/td>\n<\/tr>\n<\/tbody>\n<\/table>\n<p>[\/vc_column_text][\/vc_tta_section][vc_tta_section title=&#8221;Wielki Ma\u0142y Przedszkolak&#8221; tab_id=&#8221;1740986855858-b7c2b121-62cf&#8221;][vc_column_text css=&#8221;&#8221;]<\/p>\n<div class=\"pe-article-content\">\n<p style=\"text-align: center\">\u00a0Rekrutacja do projektu <em><strong><a href=\"https:\/\/www.ckz.edu.pl\/index.php\/wielki-maly-przedszkolak\/#3\" target=\"_blank\" rel=\"noopener\">Wielki ma\u0142y przedszkolak<\/a>.<\/strong><\/em><\/p>\n<p style=\"text-align: center\"><em><strong>\u00a0<\/strong><\/em>Prosimy o zapoznanie si\u0119 z\u00a0<strong><a href=\"https:\/\/zsp25.edu.wroclaw.pl\/wp-content\/uploads\/sites\/77\/2024\/10\/Regulamin-rekrutacji-i-uczestnictwa-w-Projekcie.pdf\" target=\"_blank\" rel=\"noopener\">regulaminem<\/a><\/strong>, wype\u0142nienie\u00a0<strong><a href=\"https:\/\/zsp25.edu.wroclaw.pl\/wp-content\/uploads\/sites\/77\/2024\/10\/Zalacznik-nr-1_Formularz-zgloszeniowy_Deklaracja-udzialu_dziecko_P111.docx\" target=\"_blank\" rel=\"noopener\">Deklaracji udzia\u0142u dziecka<\/a><\/strong> i dostarczenie jej do nauczycielek\u00a0 w grupie.<\/p>\n<p>W ramach projektu b\u0119d\u0105 odbywa\u0142y si\u0119 zaj\u0119cia:<\/p>\n<ul>\n<li>logopedyczne;<\/li>\n<li>ekologiczne;<\/li>\n<li>teatralne;<\/li>\n<li>warsztaty z robotyki i matematyki;<\/li>\n<li>j\u0119zyk angielski z elementami programowania;<\/li>\n<li>ceramika;<\/li>\n<li>zaj\u0119cia z elementami treningu zast\u0119powania agresji;<\/li>\n<li>biofeedback;<\/li>\n<li>wycieczki integracyjno-edukacyjne.<\/li>\n<\/ul>\n<\/div>\n<div class=\"addthis_sharing_toolbox\"><a href=\"https:\/\/zsp25.edu.wroclaw.pl\/wp-content\/uploads\/sites\/77\/2025\/09\/Klauzula-informacyjna-aktualizacja-uczestnicy-projektu.pdf\" target=\"_blank\" rel=\"noopener\">KLAUZULA INFORMACYJNA<\/a><\/div>\n<div class=\"pe-author-info clearfix\">\n<h3 class=\"pe-title\"><\/h3>\n<\/div>\n<p>[\/vc_column_text][\/vc_tta_section][\/vc_tta_tabs][\/vc_column][\/vc_row]<\/p>\n<\/div>","protected":false},"excerpt":{"rendered":"<p>[vc_row][vc_column][vc_column_text] Przedszkole nr 111\u00a0 po\u0142o\u017cone jest na osiedlu Wojszyce i wchodzi w sk\u0142ad\u00a0 w Zespo\u0142u\u00a0 Szkolno &#8211; Przedszkolnego nr 25\u00a0 przy ulicy Asfaltowej 6 we Wroc\u0142awiu. Przedszkole jest 8 -oddzia\u0142owe. [&hellip;]<\/p>\n","protected":false},"author":7,"featured_media":0,"parent":61,"menu_order":0,"comment_status":"closed","ping_status":"closed","template":"","meta":{"footnotes":""},"class_list":["post-183","page","type-page","status-publish","hentry","clearfix"],"_links":{"self":[{"href":"https:\/\/zsp25.edu.wroclaw.pl\/index.php\/wp-json\/wp\/v2\/pages\/183","targetHints":{"allow":["GET"]}}],"collection":[{"href":"https:\/\/zsp25.edu.wroclaw.pl\/index.php\/wp-json\/wp\/v2\/pages"}],"about":[{"href":"https:\/\/zsp25.edu.wroclaw.pl\/index.php\/wp-json\/wp\/v2\/types\/page"}],"author":[{"embeddable":true,"href":"https:\/\/zsp25.edu.wroclaw.pl\/index.php\/wp-json\/wp\/v2\/users\/7"}],"replies":[{"embeddable":true,"href":"https:\/\/zsp25.edu.wroclaw.pl\/index.php\/wp-json\/wp\/v2\/comments?post=183"}],"version-history":[{"count":46,"href":"https:\/\/zsp25.edu.wroclaw.pl\/index.php\/wp-json\/wp\/v2\/pages\/183\/revisions"}],"predecessor-version":[{"id":7752,"href":"https:\/\/zsp25.edu.wroclaw.pl\/index.php\/wp-json\/wp\/v2\/pages\/183\/revisions\/7752"}],"up":[{"embeddable":true,"href":"https:\/\/zsp25.edu.wroclaw.pl\/index.php\/wp-json\/wp\/v2\/pages\/61"}],"wp:attachment":[{"href":"https:\/\/zsp25.edu.wroclaw.pl\/index.php\/wp-json\/wp\/v2\/media?parent=183"}],"curies":[{"name":"wp","href":"https:\/\/api.w.org\/{rel}","templated":true}]}}